{"id":1316,"date":"2020-09-10T15:58:19","date_gmt":"2020-09-10T13:58:19","guid":{"rendered":"https:\/\/docs4opendebate.be\/open-letter\/"},"modified":"2020-11-27T11:05:26","modified_gmt":"2020-11-27T10:05:26","slug":"offener-brief","status":"publish","type":"page","link":"https:\/\/docs4opendebate.be\/de\/offener-brief\/","title":{"rendered":"Offener Brief"},"content":{"rendered":"\t\t<div data-elementor-type=\"wp-page\" data-elementor-id=\"1316\" class=\"elementor elementor-1316 elementor-420\" data-elementor-post-type=\"page\">\n\t\t\t\t\t\t<section class=\"elementor-section elementor-top-section elementor-element elementor-element-67733d0 elementor-section-content-middle elementor-section-boxed elementor-section-height-default elementor-section-height-default\" data-id=\"67733d0\" data-element_type=\"section\" data-e-type=\"section\">\n\t\t\t\t\t\t<div class=\"elementor-container elementor-column-gap-extended\">\n\t\t\t\t\t<div class=\"elementor-column elementor-col-100 elementor-top-column elementor-element elementor-element-77a570f\" data-id=\"77a570f\" data-element_type=\"column\" data-e-type=\"column\">\n\t\t\t<div class=\"elementor-widget-wrap elementor-element-populated\">\n\t\t\t\t\t\t<div class=\"elementor-element elementor-element-ed16092 elementor-widget elementor-widget-heading\" data-id=\"ed16092\" data-element_type=\"widget\" data-e-type=\"widget\" data-widget_type=\"heading.default\">\n\t\t\t\t<div class=\"elementor-widget-container\">\n\t\t\t\t\t<h2 class=\"elementor-heading-title elementor-size-default\">Offener Brief von \u00c4rzten und Fachleuten aus dem Gesundheitsbereich an alle belgischen Beh\u00f6rden und alle belgischen Medien.<\/h2>\t\t\t\t<\/div>\n\t\t\t\t<\/div>\n\t\t\t\t<section class=\"elementor-section elementor-inner-section elementor-element elementor-element-80b4d35 elementor-section-boxed elementor-section-height-default elementor-section-height-default\" data-id=\"80b4d35\" data-element_type=\"section\" data-e-type=\"section\">\n\t\t\t\t\t\t<div class=\"elementor-container elementor-column-gap-default\">\n\t\t\t\t\t<div class=\"elementor-column elementor-col-33 elementor-inner-column elementor-element elementor-element-9aba4e6\" data-id=\"9aba4e6\" data-element_type=\"column\" data-e-type=\"column\">\n\t\t\t<div class=\"elementor-widget-wrap\">\n\t\t\t\t\t\t\t<\/div>\n\t\t<\/div>\n\t\t\t\t<div class=\"elementor-column elementor-col-33 elementor-inner-column elementor-element elementor-element-8f20269\" data-id=\"8f20269\" data-element_type=\"column\" data-e-type=\"column\">\n\t\t\t<div class=\"elementor-widget-wrap elementor-element-populated\">\n\t\t\t\t\t\t<div class=\"elementor-element elementor-element-0feb5dd elementor-widget elementor-widget-text-editor\" data-id=\"0feb5dd\" data-element_type=\"widget\" data-e-type=\"widget\" data-widget_type=\"text-editor.default\">\n\t\t\t\t<div class=\"elementor-widget-container\">\n\t\t\t\t\t\t\t\t\t<p style=\"text-align: right;\">5. September 2020<\/p><p style=\"text-align: left;\"><strong>Wir, \u00c4rzte und Angeh\u00f6rige der Gesundheitsberufe, m\u00f6chten unsere ernste Besorgnis \u00fcber die Entwicklung der Situation in den letzten Monaten im Zusammenhang mit dem Ausbruch des SARS-CoV-2-Virus zum Ausdruck bringen. Wir fordern die Politiker auf, unabh\u00e4ngig und kritisch \u00fcber den Entscheidungsprozess und die obligatorische Durchf\u00fchrung von Corona-Ma\u00dfnahmen informiert zu werden. Wir fordern eine offene Debatte, in der alle Experten ohne jede Form von Zensur vertreten sind. Nach der anf\u00e4nglichen Panik um covid-19 zeigen die objektiven Fakten nun ein v\u00f6llig anderes Bild &#8211; es gibt keine medizinische Rechtfertigung mehr f\u00fcr Notfallma\u00dfnahmen.<\/strong><br \/><strong>Das derzeitige Krisenmanagement ist v\u00f6llig unverh\u00e4ltnism\u00e4\u00dfig geworden und richtet mehr Schaden an als es n\u00fctzt.<\/strong><br \/><strong>Wir fordern ein Ende aller Ma\u00dfnahmen und verlangen die sofortige Wiederherstellung unserer normalen demokratischen Regierungs- und Rechtsstrukturen und aller unserer b\u00fcrgerlichen Freiheiten.<\/strong><\/p><p><span style=\"font-size: 16px;\">Wir, belgische \u00c4rzte und Angeh\u00f6rige der Gesundheitsberufe, m\u00f6chten unsere ernste Besorgnis \u00fcber die Entwicklung der Situation in den letzten Monaten im Zusammenhang mit dem Ausbruch des SARS-CoV-2-Virus zum Ausdruck bringen. Wir fordern die Politiker auf, unabh\u00e4ngig und kritisch \u00fcber den Entscheidungsprozess und die obligatorische Durchf\u00fchrung von Corona-Ma\u00dfnahmen informiert zu werden. Wir fordern eine offene Debatte, in der alle Experten ohne jede Form von Zensur vertreten sind. Nach der anf\u00e4nglichen Panik um covid-19 zeigen die objektiven Fakten nun ein v\u00f6llig anderes Bild &#8211; es gibt keine medizinische Rechtfertigung mehr f\u00fcr Notfallma\u00dfnahmen.<br \/>Das derzeitige Krisenmanagement ist v\u00f6llig unverh\u00e4ltnism\u00e4\u00dfig geworden und richtet mehr Schaden an als es n\u00fctzt.<br \/>Wir fordern ein Ende aller Ma\u00dfnahmen und verlangen die sofortige Wiederherstellung unserer normalen demokratischen Regierungs- und Rechtsstrukturen und aller unserer b\u00fcrgerlichen Freiheiten. <\/span><a href=\"https:\/\/www.health.belgium.be\/nl\/wie-zijn-we#Missie\" target=\"_blank\" rel=\"noopener\"><sup>1<\/sup><\/a><\/p><p><span style=\"font-size: 16px;\">Wir glauben, dass die Politik verbindliche Ma\u00dfnahmen eingef\u00fchrt hat, die nicht ausreichend wissenschaftlich fundiert und einseitig ausgerichtet sind, und dass es in den Medien nicht gen\u00fcgend Raum f\u00fcr eine offene Debatte gibt, in der unterschiedliche Ansichten und Meinungen geh\u00f6rt werden. Dar\u00fcber hinaus hat nun jede Gemeinde und Provinz die Berechtigung, ihre eigenen Ma\u00dfnahmen hinzuzuf\u00fcgen, unabh\u00e4ngig davon, ob sie begr\u00fcndet sind oder nicht.<\/span><\/p><p><span style=\"font-size: 16px;\">Au\u00dferdem steht die strikte repressive Corona-Politik in starkem Kontrast zu der Minimalpolitik der Regierung, wenn es um Krankheitspr\u00e4vention, die St\u00e4rkung des eigenen Immunsystems durch eine gesunde Lebensweise, eine optimale Versorgung mit Beachtung der Individuen und Investitionen in Pflegepersonal geht.<\/span><a style=\"font-size: 16px; background-color: #ffffff;\" href=\"https:\/\/www.standaard.be\/preventie\" target=\"_blank\" rel=\"noopener\"><sup>2<\/sup><\/a><\/p><p><strong>Das Konzept der Gesundheit<\/strong><\/p><p><span style=\"font-size: 16px;\">1948 definierte die WHO Gesundheit wie folgt: &#8222;Gesundheit ist ein Zustand des vollst\u00e4ndigen k\u00f6rperlichen, geistigen und sozialen Wohlbefindens und nicht nur das Fehlen von Krankheit oder anderen k\u00f6rperlichen Beeintr\u00e4chtigungen&#8220;.<\/span><a href=\"https:\/\/www.who.int\/about\/who-we-are\/constitution\" target=\"_blank\" rel=\"noopener\"><sup>3<\/sup><\/a><\/p><p>Gesundheit ist also ein weit gefasster Begriff, der \u00fcber das Physische hinausgeht und sich auch auf das emotionale und soziale Wohlbefinden des Individuums bezieht. Unter dem Gesichtspunkt des Bekenntnisses zu den grundlegenden Menschenrechten hat Belgien auch die Pflicht, diese Menschenrechte in seine Entscheidungsfindung einzubeziehen, wenn es um Ma\u00dfnahmen geht, die im Zusammenhang mit der \u00f6ffentlichen Gesundheit ergriffen werden. <sup><a href=\"https:\/\/www.who.int\/news-room\/fact-sheets\/detail\/human-rights-and-health\" target=\"_blank\" rel=\"noopener\">4<\/a><br \/><\/sup><span style=\"font-size: 16px;\">Die derzeitigen weltweiten Ma\u00dfnahmen zur Bek\u00e4mpfung von SARS-CoV-2 verletzen diese Sichtweise von Gesundheit und Menschenrechten in hohem Ma\u00dfe. Zu den Ma\u00dfnahmen geh\u00f6ren das obligatorische Tragen einer Maske (auch im Freien und bei sportlichen Aktivit\u00e4ten, in einigen Gemeinden auch dann, wenn sich keine anderen Personen in der N\u00e4he aufhalten), physische Distanzierung, soziale Isolation, Zwangsquarant\u00e4ne f\u00fcr einige Gruppen und Hygienema\u00dfnahmen.<\/span><\/p><p><strong>Die vorhergesagte Pandemie mit Millionen von Todesopfern<\/strong><\/p><p>Zu Beginn der Pandemie waren die Ma\u00dfnahmen verst\u00e4ndlich und fanden breite Unterst\u00fctzung, auch wenn es Unterschiede in der Umsetzung in den benachbarten L\u00e4ndern gab. Die WHO berichtete im M\u00e4rz urspr\u00fcnglich, dass die Sterblichkeitsrate bei den festgestellten Covid-19-F\u00e4llen 3,4 % betrug. Daraus wurde die Vorhersage von Millionen Todesf\u00e4llen abgeleitet sowie dass es sich um ein extrem ansteckendes Virus handele, f\u00fcr das es keine Behandlung oder Impfung g\u00e4be. Dies w\u00fcrde einen nie dagewesenen Druck auf die Intensivstationen unserer Krankenh\u00e4user aus\u00fcben.<\/p><p><span style=\"font-size: 16px;\">Dies f\u00fchrte zu einer weltweiten Alarmsituation, wie es sie in der Geschichte der Menschheit noch nie gegeben hat: Die &#8222;Abflachung der Kurve&#8220; wurde durch eine Abriegelung versucht, die die gesamte Gesellschaft und Wirtschaft lahm legte und gesunde Menschen unter Quarant\u00e4ne stellte. Soziale Distanzierung wurde in Erwartung eines rettenden Impfstoffes zur neuen Normalit\u00e4t.<\/span><\/p><p><strong>Die Fakten \u00fcber Covid-19<\/strong><\/p><p><span style=\"font-size: 16px;\">Nach und nach wurden von vielen die Alarmglocke gel\u00e4utet: Die objektiven Fakten zeigten eine v\u00f6llig andere Realit\u00e4t. <\/span><sup><a href=\"https:\/\/swprs.org\/feiten-over-covid19\/\" target=\"_blank\" rel=\"noopener\">5<\/a> <a href=\"https:\/\/the-iceberg.net\/\" target=\"_blank\" rel=\"noopener\">6<\/a><\/sup><\/p><p><span style=\"font-size: 16px;\"><span style=\"text-decoration: underline;\">Der Verlauf<\/span> von Covid-19 folgte dem Verlauf einer normalen Infektionswelle, \u00e4hnlich einer Grippesaison. Wie jedes Jahr sehen wir verschiedene Grippeviren, die der Kurve folgen: zuerst die Rhinoviren, dann die Influenza-A- und -B-Viren, gefolgt von den -Viren. Es gibt keinen Unterschied zu dem, was wir normalerweise sehen.<br \/>Die Verwendung des unspezifischen PCR-Tests, der viele falsch-positive Ergebnisse liefert, ergab einen exponentiellen Verlauf. Dieser Test wurde mit einem Notfallverfahren \u00fcberst\u00fcrzt durchgef\u00fchrt und wurde nie ernsthaft selbst getestet. Der Hersteller warnte ausdr\u00fccklich davor, dass dieser Test f\u00fcr die Forschung und nicht f\u00fcr die Diagnostik bestimmt war.<\/span><sup><a href=\"https:\/\/www.creative-diagnostics.com\/pdf\/CD019RT.pdf\" target=\"_blank\" rel=\"noopener\">7<\/a><\/sup><\/p><p><span style=\"font-size: 16px;\">Der PCR-Test arbeitet mit Zyklen der Amplifikation von genetischem Material &#8211; jedes Mal wird ein St\u00fcck des Genoms amplifiziert. Jede Kontamination (z.B. andere Viren, Tr\u00fcmmer aus alten Virusgenomen) kann m\u00f6glicherweise zu falsch positiven Ergebnissen f\u00fchren.<\/span><a href=\"https:\/\/www.youtube.com\/watch?v=207HuOxltvI\" target=\"_blank\" rel=\"noopener\"><sup>8<\/sup><\/a><\/p><p>Der Test misst nicht, wie viele Viren in der Probe vorhanden sind. Eine echte Virusinfektion bedeutet ein massives Vorhandensein von Viren, die so genannte Viruslast. Wenn jemand positiv getestet wurde, bedeutet dies nicht, dass diese Person tats\u00e4chlich klinisch infiziert ist, krank ist oder krank werden wird. Das Koch&#8217;sche Postulat wurde nicht erf\u00fcllt (&#8222;Die Keime aus der Reinkultur, die bei einem Patienten mit Beschwerden gefunden werden, rufen bei einem gesunden Menschen die gleichen Beschwerden hervor&#8220;).<\/p><p><span style=\"font-size: 16px;\">Da ein positiver PCR-Test nicht automatisch auf eine aktive Infektion oder Infektiosit\u00e4t hinweist, rechtfertigt dies nicht die sozialen Ma\u00dfnahmen, die allein auf diesen Tests beruhen.<\/span><sup><a href=\"https:\/\/www.gentechvrij.nl\/2020\/08\/15\/foute-interpretatie\/\" target=\"_blank\" rel=\"noopener\"> 9<\/a> <a href=\"https:\/\/troo.tube\/videos\/watch\/6ed900eb-7459-4a1b-93fd-b393069f4fcd?fbclid=IwAR1XrullC2qopJjgFxEgbSTBvh-4ZCuJa1VxkHTXEtYMEyGG3DsNwUdaatY\" target=\"_blank\" rel=\"noopener\">10<\/a><\/sup><\/p><p><u>Lockdown.<\/u><\/p><p>Vergleicht man die Infektionswellen in L\u00e4ndern mit striktem Lockdown mit L\u00e4ndern, die keine Lockdowns verh\u00e4ngt haben (Schweden, Island &#8230;), so ergeben sich \u00e4hnliche Kurven. Es besteht also kein Zusammenhang zwischen dem verh\u00e4ngten Lockdown und dem Verlauf der Infektion. Der Lockdown hat nicht zu einer niedrigeren Sterblichkeitsrate gef\u00fchrt.<\/p><p><span style=\"font-size: 16px;\">Wenn wir das Datum des Beginns der verh\u00e4ngten Lockdowns betrachten, sehen wir, dass die Lockdowns festgelegt wurden, nachdem der H\u00f6hepunkt der Virusreplikationsrate bereits vorbei war. Der R\u00fcckgang war also nicht das Ergebnis der ergriffenen Ma\u00dfnahmen.<\/span><sup><a href=\"https:\/\/infekt.ch\/2020\/04\/sind-wir-tatsaechlich-im-blindflug\/\" target=\"_blank\" rel=\"noopener\"> 11<\/a><br \/><\/sup><span style=\"font-size: 16px;\">Wie jedes Jahr scheint es, dass die klimatischen Bedingungen (Wetter, Temperatur und Feuchtigkeit) und eine wachsende Immunit\u00e4t die Infektionswelle eher verringern.<\/span><\/p><p><strong>Unser Immunsystem<\/strong><\/p><p><span style=\"font-size: 16px;\">Seit Tausenden von Jahren ist der menschliche K\u00f6rper t\u00e4glich Feuchtigkeit und Tr\u00f6pfchen ausgesetzt, die infekti\u00f6se Mikroorganismen (Viren, Bakterien und Pilze) enthalten.<\/span><\/p><p><span style=\"font-size: 16px;\">Das Eindringen dieser Mikroorganismen wird durch einen hochentwickelten Abwehrmechanismus &#8211; das Immunsystem &#8211; verhindert. Ein starkes Immunsystem ist auf eine normale t\u00e4gliche Exposition gegen\u00fcber diesen mikrobiellen Einfl\u00fcssen angewiesen. \u00dcbertriebene Hygienema\u00dfnahmen wirken sich nachteilig auf unser Immunsystem aus. <\/span><sup><a href=\"https:\/\/www.nature.com\/articles\/ni.3829\" target=\"_blank\" rel=\"noopener\">12<\/a> <a href=\"https:\/\/doi.org\/10.1016\/j.micinf.2020.07.002\" target=\"_blank\" rel=\"noopener\">13 <\/a><\/sup><span style=\"font-size: 16px;\">Nur Menschen mit einem schwachen oder fehlerhaften Immunsystem sollten durch umfassende Hygiene oder soziale Distanzierung gesch\u00fctzt werden.<\/span><\/p><p><span style=\"font-size: 16px;\">Die Grippe wird im Herbst (in Kombination mit Covid-19) wieder ausbrechen und eine m\u00f6gliche Abnahme der nat\u00fcrlichen Widerstandsf\u00e4higkeit k\u00f6nnte zu weiteren Opfern f\u00fchren.<\/span><\/p><p><span style=\"font-size: 16px;\">Unser Immunsystem besteht aus zwei Teilen: einem angeborenen, unspezifischen Immunsystem und einem adaptiven Immunsystem.<\/span><\/p><p><span style=\"text-decoration: underline;\">Das unspezifische Immunsystem<\/span> bildet eine erste Barriere: Haut, Speichel, Magensaft, Darmschleim, vibrierende Haarzellen, symbiotische Flora, &#8230; und verhindert die Anlagerung von Mikroorganismen an das Gewebe.<\/p><p>Wenn sich Mikroorganismen anlagern, k\u00f6nnen Makrophagen die Mikroorganismen einkapseln und zerst\u00f6ren.<\/p><p><span style=\"text-decoration: underline;\">Das adaptive Immunsystem<\/span> besteht aus der Schleimhautimmunit\u00e4t (IgA-Antik\u00f6rper, die haupts\u00e4chlich von Zellen im Darm und Lungenepithel produziert werden), der zellul\u00e4ren Immunit\u00e4t (T-Zellen-Aktivierung), die im Kontakt mit k\u00f6rperfremden Substanzen oder Mikroorganismen entstehen kann, und der humoralen Immunit\u00e4t (IgM- und IgG-Antik\u00f6rper, die von den B-Zellen produziert werden).<\/p><p>Neuere Forschungen zeigen, dass beide Systeme stark miteinander verschr\u00e4nkt sind.<\/p><p>Es scheint, dass die meisten Menschen bereits eine angeborene oder allgemeine Immunit\u00e4t z.B. gegen Grippe und andere Viren besitzen. Dies wird durch die Befunde auf dem Kreuzfahrtschiff Diamond Princess best\u00e4tigt, das wegen einiger Passagiere, die an Covid-19 starben, unter Quarant\u00e4ne gestellt wurde. Die meisten der Passagiere waren \u00e4lter und befanden sich auf dem Schiff in einer idealen Situation der \u00dcbertragung. 75 % schienen jedoch nicht infiziert zu sein. Selbst in dieser Hochrisikogruppe ist also die Mehrheit gegen das Virus resistent.<\/p><p><span style=\"font-size: 16px;\">Eine in der Zeitschrift Cell ver\u00f6ffentlichte Studie zeigt, dass die meisten Menschen das Corona-Virus durch mukosale (IgA) und zellul\u00e4re Immunit\u00e4t (T-Zellen) neutralisieren, w\u00e4hrend sie nur wenige oder keine Symptome aufweisen <span style=\"font-size: 16px;\"><a href=\"https:\/\/www.cell.com\/cell\/fulltext\/S0092-8674(20)30610-3\" target=\"_blank\" rel=\"noopener\"><sup>14<\/sup><\/a><\/span><span style=\"font-size: 16px;\">.<\/span><br \/><\/span><\/p><p><span style=\"font-size: 16px;\">Forscher fanden eine bis zu 60%ige SARS-Cov-2-Reaktivit\u00e4t mit CD4+T-Zellen in einer nicht infizierten Population, was auf eine Kreuzreaktivit\u00e4t mit anderen Erk\u00e4ltungsviren (Corona-Viren) schlie\u00dfen l\u00e4sst.<\/span><a style=\"font-size: 16px; background-color: #ffffff;\" href=\"https:\/\/www.hpdetijd.nl\/2020-08-11\/9-manieren-om-corona-te-voorkomen\/\" target=\"_blank\" rel=\"noopener\"><sup>15<\/sup><\/a><\/p><p>Die meisten Menschen haben also bereits eine angeborene oder Kreuzimmunit\u00e4t, weil sie bereits mit Varianten desselben Virus in Kontakt waren.<\/p><p>Die Antik\u00f6rperbildung (IgM und IgG) durch B-Zellen nimmt nur einen relativ kleinen Teil unseres Immunsystems ein. Dies mag erkl\u00e4ren, warum bei einem Antik\u00f6rperanteil von 5 &#8211; 10 % ohnehin eine Gruppenimmunit\u00e4t vorliegen kann. Die Wirksamkeit von Impfstoffen wird genau danach beurteilt, ob wir diese Antik\u00f6rper haben oder nicht. Dies ist eine unzutreffende Darstellung.<\/p><p>Die meisten Menschen mit einem positiven PCR-Test haben keine Beschwerden. Ihr Immunsystem ist stark genug. Die St\u00e4rkung der nat\u00fcrlichen Immunit\u00e4t ist ein viel logischerer Ansatz. Pr\u00e4vention ist ein wichtiger, ungen\u00fcgend hervorgehobener Pfeiler: gesunde, vollwertige Ern\u00e4hrung, Bewegung an der frischen Luft ohne Maske, Stressabbau und die Pflege emotionaler und sozialer Kontakte.<\/p><p><strong>Auswirkungen der sozialen Isolation auf die physische und psychische Gesundheit<\/strong><\/p><p>Soziale Isolation und wirtschaftlicher Schaden f\u00fchrten zu einer Zunahme von Depressionen, Angstzust\u00e4nden, Selbstmorden, innerfamili\u00e4rer Gewalt und Kindesmissbrauch.<a href=\"https:\/\/psyarxiv.com\/xczb3\/\" target=\"_blank\" rel=\"noopener\"><sup>16<\/sup><\/a><\/p><p>Studien haben gezeigt, dass Menschen umso resistenter gegen Viren sind, je mehr soziale und emotionale Verpflichtungen sie haben. Es ist viel wahrscheinlicher, dass Isolation und Quarant\u00e4ne fatale Folgen haben. <a href=\"https:\/\/kompanje.org\/2020\/05\/11\/voortijdig-overlijden-en-psychisch-leed-door-quarantaine-en-sociale-isolatie\/\" target=\"_blank\" rel=\"noopener\"><sup>17<\/sup><\/a><\/p><p>Die Isolationsma\u00dfnahmen haben bei vielen \u00e4lteren Menschen auch zu Bewegungsmangel gef\u00fchrt, da sie gezwungen sind, in geschlossenen R\u00e4umen zu bleiben. Ausreichende Bewegung wirkt sich jedoch positiv auf die kognitiven Funktionen aus, indem depressive Beschwerden und \u00c4ngste reduziert und die k\u00f6rperliche Gesundheit, das Energieniveau, das Wohlbefinden und allgemein die Lebensqualit\u00e4t verbessert werden.<a href=\"https:\/\/www.ncbi.nlm.nih.gov\/pmc\/articles\/pmc3159686\/\" target=\"_blank\" rel=\"noopener\"><sup>18<\/sup><\/a><\/p><p>Furcht, anhaltender Stress und Einsamkeit, die durch soziale Distanzierung hervorgerufen werden, haben nachweislich einen negativen Einfluss auf die psychische und allgemeine Gesundheit. <a href=\"https:\/\/brandbriefggz.nl\/\" target=\"_blank\" rel=\"noopener\"><sup>19<\/sup><\/a><\/p><p><strong>Ein hoch ansteckendes Virus mit Millionen von Todesf\u00e4llen ohne jegliche Behandlung?<\/strong><\/p><p>Die Sterblichkeitsrate war um ein Vielfaches geringer als erwartet und entsprach in etwa der einer normalen saisonalen Grippe (0,1 \u2013 0,5%).<sup><a href=\"https:\/\/swprs.org\/studies-on-covid-19-lethality\/#overall-mortality\" target=\"_blank\" rel=\"noopener\"> 20<\/a><br \/><\/sup><span style=\"font-size: 16px;\">Die Zahl der registrierten Corona-Todesf\u00e4lle scheint daher immer noch \u00fcbersch\u00e4tzt zu werden. Es besteht ein Unterschied zwischen dem Tod durch Corona und dem Tod mit Corona. Der Mensch ist oft gleichzeitig Tr\u00e4ger mehrerer Viren und potenziell pathogener Bakterien. Ber\u00fccksichtigt man die Tatsache, dass die meisten Menschen, die schwere Symptome entwickelten, unter einer zus\u00e4tzlichen Pathologie litten, kann man nicht einfach schlussfolgern, dass die Corona-Infektion die Todesursache war. Dies wurde in den Statistiken meist nicht ber\u00fccksichtigt.<\/span><\/p><p><span style=\"font-size: 16px;\"><span style=\"text-decoration: underline;\">Die am st\u00e4rksten gef\u00e4hrdeten Gruppen lassen sich eindeutig identifizieren.<\/span> Die \u00fcberwiegende Mehrheit der verstorbenen Patienten war 80 Jahre oder \u00e4lter. Die Mehrheit (70 %) der Verstorbenen, die j\u00fcnger als 70 Jahre waren, hatte eine Grunderkrankung, wie z.B. Herz-Kreislauf-Leiden, Diabetes mellitus, chronische Lungenkrankheit oder Adipositas. Die \u00fcberwiegende Mehrheit der Infizierten (&gt;98 %) erkrankte nicht oder kaum oder erholte sich spontan.<\/span><\/p><p><span style=\"text-decoration: underline;\">Inzwischen gibt es f\u00fcr diejenigen, die schwere Krankheitssymptome zeigen, eine erschwingliche, sichere und effiziente Therapie<\/span> in Form von HCQ (Hydroxychloroquin), Zink und AZT (Azithromycin). Eine rasche Anwendung dieser Therapie f\u00fchrt zur Genesung und verhindert h\u00e4ufig einen Krankenhausaufenthalt. Kaum jemand muss jetzt sterben.<\/p><p>Diese wirksame Therapie wurde durch die klinische Erfahrung von Kollegen auf diesem Gebiet mit beeindruckenden Ergebnissen best\u00e4tigt. Dies steht in scharfem Kontrast zu der theoretischen Kritik (unzureichende Begr\u00fcndung durch Doppelblindstudien), die in einigen L\u00e4ndern (z.B. Niederlande) sogar zu einem Verbot dieser Therapie gef\u00fchrt hat. Eine Meta-Analyse in The Lancet, die keinen Effekt von HCQ nachweisen konnte, wurde zur\u00fcckgezogen. Die verwendeten prim\u00e4ren Datenquellen erwiesen sich als unzuverl\u00e4ssig, und 2 von 3 Autoren befanden sich in einem Interessenkonflikt. Die meisten der auf dieser Studie basierenden Richtlinien blieben jedoch unver\u00e4ndert &#8230; <sup><a href=\"https:\/\/www.thelancet.com\/journals\/lancet\/article\/PIIS0140-6736(20)31180-6\/fulltext\" target=\"_blank\" rel=\"noopener\">48<\/a> <a href=\"https:\/\/www.thelancet.com\/journals\/lancet\/article\/PIIS0140-6736(20)31324-6\/fulltext\" target=\"_blank\" rel=\"noopener\">49<\/a><\/sup><br \/>Wir haben ernste Fragen zu diesem Stand der Dinge.<br \/>In den USA hat sich eine Gruppe von \u00c4rzten, die t\u00e4glich Patienten behandeln, zu &#8222;America&#8217;s Frontline Doctors&#8220; zusammengeschlossen und eine Pressekonferenz abgehalten, die millionenfach verfolgt wurde.<sup><a href=\"https:\/\/www.xandernieuws.net\/algemeen\/groep-artsen-vs-komt-in-verzet-facebook-bant-hun-17-miljoen-keer-bekeken-video\/\" target=\"_blank\" rel=\"noopener\">21<\/a> <a href=\"https:\/\/docs4opendebate.be\/wp-content\/uploads\/2020\/09\/white-paper-on-hcq-from-AFD.pdf\" target=\"_blank\" rel=\"noopener\">51<\/a><br \/><\/sup><span style=\"font-size: 16px;\">Auch der franz\u00f6sische Prof. Didier Raoult vom Institut d&#8217;Infectiologie de Marseille (IHU) stellte diese vielversprechende Kombinationstherapie bereits im April vor. Der niederl\u00e4ndische Allgemeinmediziner Rob Elens, der in seiner Praxis viele Patienten mit HCQ und Zink heilte, rief die Kollegen in einer Petition zur Therapiefreiheit auf.<\/span><sup><a href=\"https:\/\/www.petities.com\/einde_corona_crises_overheid_sta_behandeling_van_covid-19_met_hcq_en_zink_toe\" target=\"_blank\" rel=\"noopener\">22<\/a><br \/><\/sup><span style=\"font-size: 16px;\">Der definitive Beweis stammt aus der epidemiologischen Nachbeobachtung in der Schweiz: Mortalit\u00e4tsraten im Vergleich mit und ohne diese Therapie.<\/span><a href=\"https:\/\/zelfzorgcovid19.nl\/statistieken-zwitserland-met-hcq-zonder-hcq-met-hcq-leveren-het-bewijs\/\" target=\"_blank\" rel=\"noopener\"><sup>23<\/sup><\/a><\/p><p>Aus den ersch\u00fctternden Medienbildern des ARDS (Akutes Atemnotsyndrom), bei dem die Menschen erstickten und qualvoll k\u00fcnstlich beatmet wurden, wissen wir heute, dass dies durch eine \u00fcbertriebene Immunantwort mit intravaskul\u00e4rer Gerinnung in den Lungenblutgef\u00e4ssen verursacht wurde. Durch die Gabe von Blutverd\u00fcnnern und Dexamethason und die Vermeidung der k\u00fcnstlichen Beatmung, die nachweislich zus\u00e4tzliche Sch\u00e4den am Lungengewebe verursachte, ist auch diese gef\u00fcrchtete Komplikation praktisch nicht mehr t\u00f6dlich. <a href=\"https:\/\/reader.elsevier.com\/reader\/sd\/pii\/S0049384820303297?token=9718E5413AACDE0D14A3A0A56A89A3EF744B5A201097F4459AE565EA5EDB222803FF46D7C6CD3419652A215FDD2C874F\" target=\"_blank\" rel=\"noopener\"><sup>47<\/sup><\/a><\/p><p>Es handelt sich also nicht um ein Killervirus, sondern um einen gut behandelbaren Zustand.<\/p><p><strong style=\"font-size: 16px;\">Ausbreitung<\/strong><\/p><p><span style=\"font-size: 16px;\">Die Ausbreitung erfolgt durch Tr\u00f6pfcheninfektion (nur bei Patienten, die husten oder niesen) und Aerosole in geschlossenen, unbel\u00fcfteten R\u00e4umen. Eine Kontamination im Freien ist daher nicht m\u00f6glich. Kontaktverfolgung und epidemiologische Studien zeigen, dass gesunde Menschen (oder positiv getestete asymptomatische Tr\u00e4ger) praktisch nicht in der Lage sind, das Virus zu \u00fcbertragen. Gesunde Menschen gef\u00e4hrden sich also nicht gegenseitig. <\/span><sup><a href=\"https:\/\/www.cnbc.com\/2020\/06\/08\/asymptomatic-coronavirus-patients-arent-spreading-new-infections-who-says.html\" target=\"_blank\" rel=\"noopener\">24<\/a> <a href=\"http:\/\/www.emro.who.int\/health-topics\/corona-virus\/transmission-of-covid-19-by-asymptomatic-cases.html\" target=\"_blank\" rel=\"noopener\">25<\/a><br \/><\/sup><span style=\"font-size: 16px;\">Der Transfer \u00fcber Gegenst\u00e4nde (z.B. Geld, Eink\u00e4ufe oder Einkaufswagen) ist wissenschaftlich nicht belegt.<\/span><sup><a href=\"https:\/\/www.marketwatch.com\/story\/who-we-did-not-say-that-cash-was-transmitting-coronavirus-2020-03-06\" target=\"_blank\" rel=\"noopener\">26<\/a> <a href=\"https:\/\/www.nordkurier.de\/ratgeber\/es-gibt-keine-gefahr-jemandem-beim-einkaufen-zu-infizieren-0238940804.html\" target=\"_blank\" rel=\"noopener\">27<\/a> <a href=\"https:\/\/www.reuters.com\/article\/us-health-coronavirus-germany-banknotes\/banknotes-carry-no-particular-coronavirus-risk-german-disease-expert-idUSKBN20Y2ZT\" target=\"_blank\" rel=\"noopener\">28<\/a><\/sup><\/p><p>All dies stellt die gesamten Ma\u00dfnahmen der sozialen Distanzierung und der obligatorischen Masken f\u00fcr gesunde Menschen ernsthaft in Frage &#8211; daf\u00fcr gibt es keine wissenschaftliche Grundlage.<\/p><p><strong>Masken<\/strong><\/p><p>Mundmasken geh\u00f6ren in Kontexte, in denen Kontakte mit erwiesenerma\u00dfen gef\u00e4hrdeten Gruppen oder Personen mit Beschwerden der oberen Atemwege stattfinden, sowie in einen medizinischen Kontext\/ein Krankenhaus-Ruhestandsheim. Sie verringern das Risiko einer Tr\u00f6pfcheninfektion durch Niesen oder Husten. Mundmasken bei gesunden Personen sind gegen die Ausbreitung von Virusinfektionen unwirksam. <sup><a href=\"https:\/\/www.youtube.com\/watch?v=6K9xfmkMsvM\" target=\"_blank\" rel=\"noopener\">29<\/a> <a href=\"https:\/\/www.hpdetijd.nl\/2020-07-05\/stop-met-anderhalve-meter-afstand-en-het-verplicht-dragen-van-mondkapjes\/\" target=\"_blank\" rel=\"noopener\">30<\/a> <a href=\"https:\/\/youtu.be\/TgDm_maAglM\" target=\"_blank\" rel=\"noopener\">31<\/a><\/sup><\/p><p>Das Tragen einer Maske ist nicht ohne Nebenwirkungen. <sup><a href=\"https:\/\/theplantstrongclub.org\/2020\/07\/04\/healthy-people-should-not-wear-face-masks-by-jim-meehan-md\/\" target=\"_blank\" rel=\"noopener\">32<\/a> <a href=\"https:\/\/www.technocracy.news\/blaylock-face-masks-pose-serious-risks-to-the-healthy\/\" target=\"_blank\" rel=\"noopener\">33<\/a> <\/sup>Sauerstoffmangel (Kopfschmerzen, \u00dcbelkeit, M\u00fcdigkeit, Konzentrationsverlust) tritt relativ schnell auf, ein Effekt, der der H\u00f6henkrankheit \u00e4hnlich ist. T\u00e4glich sehen wir nun Patienten, die \u00fcber Kopfschmerzen, Nebenh\u00f6hlenprobleme, Atembeschwerden und Hyperventilation aufgrund des Tragens von Masken klagen. Dar\u00fcber hinaus f\u00fchrt das angesammelte CO2 zu einer toxischen Versauerung des Organismus, die unsere Immunit\u00e4t beeintr\u00e4chtigt. Einige Experten warnen sogar vor einer verst\u00e4rkten \u00dcbertragung des Virus bei unsachgem\u00e4\u00dfer Verwendung der Maske.<a href=\"https:\/\/www.news-medical.net\/news\/20200315\/Reusing-masks-may-increase-your-risk-of-coronavirus-infection-expert-says.aspx\" target=\"_blank\" rel=\"noopener\"><sup>34<\/sup><\/a><\/p><p>Unser Arbeitsgesetzbuch (Codex 6) bezieht sich auf einen CO2-Gehalt (Bel\u00fcftung am Arbeitsplatz) von 900 ppm, maximal 1200 ppm unter besonderen Umst\u00e4nden. Nach dem Tragen einer Maske f\u00fcr eine Minute wird dieser toxische Grenzwert erheblich \u00fcberschritten, und zwar auf Werte, die drei- bis viermal h\u00f6her sind als diese H\u00f6chstwerte. Wer eine Maske tr\u00e4gt, befindet sich also in einem extrem schlecht bel\u00fcfteten Raum. <a href=\"https:\/\/werk.belgie.be\/nl\/nieuws\/nieuwe-regels-voor-de-kwaliteit-van-de-binnenlucht-werklokalen\" target=\"_blank\" rel=\"noopener\"><sup>35<\/sup><\/a><\/p><p><span style=\"font-size: 16px;\">Die unangebrachte Verwendung von Masken ohne eine umfassende medizinische kardiopulmonale \u00dcberwachung wird daher von anerkannten Sicherheitsfachleuten f\u00fcr Arbeitnehmer nicht empfohlen.<br \/>Krankenh\u00e4user haben in ihren Operationss\u00e4len eine sterile Umgebung, in der das Personal Masken tr\u00e4gt, und es gibt eine genaue Regulierung von Feuchtigkeit\/Temperatur mit entsprechend \u00fcberwachtem Sauerstofffluss, um einen Ausgleich zu schaffen und somit strenge Sicherheitsstandards zu erf\u00fcllen. <\/span><a style=\"font-size: 16px; background-color: #ffffff;\" href=\"https:\/\/kavlaanderen.blogspot.com\/2020\/07\/als-maskers-niet-werken-waarom-dragen.html\" target=\"_blank\" rel=\"noopener\"><sup>36<\/sup><\/a><\/p><p><strong>Eine zweite Corona-Welle?<\/strong><\/p><p>In Belgien wird nun eine zweite Welle diskutiert, die eine weitere Versch\u00e4rfung der Ma\u00dfnahmen zur Folge haben wird. Eine genauere Untersuchung der Zahlen von Sciensano37 zeigt jedoch, dass die Zahl der Infektionen seit Mitte Juli zwar zugenommen hat, die Zahl der Krankenhauseinweisungen und Todesf\u00e4lle zu diesem Zeitpunkt jedoch nicht zugenommen hat. Es handelt sich also nicht um eine zweite Corona-Welle, sondern um eine so genannte &#8222;Fallchemie&#8220; aufgrund einer erh\u00f6hten Anzahl von Tests. <a href=\"https:\/\/www.greenmedinfo.com\/blog\/crucial-viewing-understanding-covid-19-casedemic1\" target=\"_blank\" rel=\"noopener\"><sup>50<\/sup><\/a><br \/><span style=\"font-size: 16px;\">Die Zahl der Krankenhauseinweisungen oder Todesf\u00e4lle hat in den letzten Wochen kurzzeitig minimal zugenommen, aber bei der Interpretation m\u00fcssen wir die j\u00fcngste Hitzewelle ber\u00fccksichtigen. Hinzu kommt, dass die \u00fcberwiegende Mehrheit der Opfer immer noch der Bev\u00f6lkerungsgruppe &gt;75 Jahre angeh\u00f6rt.<br \/>Dies deutet darauf hin, dass der Anteil der getroffenen Ma\u00dfnahmen in Bezug auf die arbeitende Bev\u00f6lkerung und die Jugendlichen in keinem Verh\u00e4ltnis zu den angestrebten Zielen steht.<br \/>Die \u00fcberwiegende Mehrheit der positiv getesteten &#8222;Infizierten&#8220; geh\u00f6rt zu der Altersgruppe der Erwerbsbev\u00f6lkerung, die aufgrund eines gut funktionierenden Immunsystems keine oder nur begrenzte Symptome entwickelt.<br \/>Es hat sich also nichts ge\u00e4ndert &#8211; der H\u00f6hepunkt ist vorbei.<\/span><\/p><p><strong style=\"font-size: 16px;\">St\u00e4rkung einer Pr\u00e4ventionspolitik<\/strong><\/p><p>Die Corona-Ma\u00dfnahmen bilden einen markanten Kontrast zu der bisher von der Regierung verfolgten Minimalpolitik, wenn es um fundierte Ma\u00dfnahmen mit nachgewiesenen gesundheitlichen Vorteilen wie der Zuckersteuer, dem Verbot von (E-)Zigaretten und darum geht, gesunde Ern\u00e4hrung, Bewegung und soziale Unterst\u00fctzungsnetze finanziell attraktiv und allgemein zug\u00e4nglich zu machen. Es ist eine verpasste Gelegenheit f\u00fcr eine bessere Pr\u00e4ventionspolitik, die einen Mentalit\u00e4tswandel in allen Bev\u00f6lkerungsschichten mit klaren Ergebnissen f\u00fcr die \u00f6ffentliche Gesundheit h\u00e4tte bewirken k\u00f6nnen. Gegenw\u00e4rtig flie\u00dfen nur 3 % des Gesundheitsbudgets in die Pr\u00e4vention. <a href=\"https:\/\/www.standaard.be\/preventie\" target=\"_blank\" rel=\"noopener\"><sup>2<\/sup><\/a><\/p><p><strong>Der hippokratische Eid<\/strong><\/p><p>Als Arzt haben wir den Hippokratischen Eid abgelegt:<\/p><p>&#8222;Ich werde mich vor allem um meine Patienten k\u00fcmmern, ihre Gesundheit f\u00f6rdern und ihr Leiden lindern&#8220;.<\/p><p>&#8222;Ich werde meine Patienten richtig informieren.&#8220;<\/p><p>&#8222;Selbst unter Druck werde ich mein medizinisches Wissen nicht f\u00fcr Praktiken einsetzen, die gegen die Menschlichkeit versto\u00dfen.<\/p><p>Die gegenw\u00e4rtigen Ma\u00dfnahmen zwingen uns, gegen diesen Eid zu handeln.<br \/>Andere Angeh\u00f6rige der Gesundheitsberufe haben einen \u00e4hnlichen Kodex.<\/p><p>Das &#8222;primum non nocere&#8220;, von dem jeder Arzt und jeder Angeh\u00f6rige eines Gesundheitsberufes ausgeht, wird auch durch die gegenw\u00e4rtigen Ma\u00dfnahmen und die Aussicht auf die m\u00f6gliche Einf\u00fchrung eines allgemeinen Impfstoffs untergraben, der keinen umfangreichen vorherigen Tests unterzogen wird.<\/p><p><strong>Impfstoff<\/strong><\/p><p>Umfassende Studien zu Grippeimpfungen zeigen, dass es uns in 10 Jahren nur dreimal gelungen ist, einen Impfstoff mit einer Wirksamkeit von mehr als 50 % zu entwickeln. Die Impfung unserer \u00e4lteren Menschen scheint ineffizient zu sein. Bei \u00fcber 75-J\u00e4hrigen ist die Wirksamkeit nahezu nicht vorhanden.<sup><a href=\"https:\/\/pubmed.ncbi.nlm.nih.gov\/26044074\/\" target=\"_blank\" rel=\"noopener\">38<\/a><br \/><\/sup>Aufgrund der st\u00e4ndigen nat\u00fcrlichen Mutation der Viren, wie wir sie auch jedes Jahr beim Grippevirus sehen, ist ein Impfstoff h\u00f6chstens eine \u00dcbergangsl\u00f6sung, die jedes Mal danach neue Impfstoffe erfordert. Ein ungetesteter Impfstoff, der im Notfallverfahren eingesetzt wird und f\u00fcr den die Hersteller bereits eine rechtliche Immunit\u00e4t gegen m\u00f6gliche Sch\u00e4den erlangt haben, wirft ernste Fragen auf. <sup><a href=\"https:\/\/www.youtube.com\/watch?v=oJXXDLGKmPg\" target=\"_blank\" rel=\"noopener\">39<\/a> <a href=\"https:\/\/m.nieuwsblad.be\/cnt\/dmf20200804_95956456?fbclid=IwAR0IgiA-6sNVQvE8rMC6O5Gq5xhOulbcN1BhdI7Rw-7eq_pRtJDCxde6SQI\" target=\"_blank\" rel=\"noopener\">40 <\/a><\/sup>Wir wollen unsere Patienten nicht als Versuchskaninchen benutzen.<br \/>Weltweit wird mit 700 000 F\u00e4llen von Sch\u00e4digung oder Tod durch den Impfstoff gerechnet.<a href=\"https:\/\/www.newsbreak.com\/news\/1572921830018\/bill-gates-admits-700000-people-will-be-harmed-or-killed-by-his-covid-19-solution\" target=\"_blank\" rel=\"noopener\"><sup>41<\/sup><\/a><br \/>Wenn 95 % der Menschen Covid-19 praktisch symptomfrei erleben, ist das Risiko einer Anwendung eines ungetesteten Impfstoffes unverantwortlich.<\/p><p><strong>Die Rolle der Medien und der offizielle Kommunikationsplan<\/strong><\/p><p>In den letzten Monaten schienen Zeitungs-, Radio- und Fernsehmacher fast unkritisch hinter dem Expertengremium und der Regierung zu stehen, wo doch gerade die Presse kritisch sein und eine einseitige Regierungskommunikation verhindern sollte. Dies hat zu einer \u00f6ffentlichen Kommunikation in unseren Nachrichtenmedien gef\u00fchrt, die eher einer Propaganda als einer objektiven Berichterstattung glich.<\/p><p>Unserer Meinung nach ist es die Aufgabe des Journalismus, Nachrichten so objektiv und neutral wie m\u00f6glich zu bringen, mit dem Ziel, die Wahrheit zu finden und die Macht kritisch zu kontrollieren, wobei auch abweichenden Experten ein Forum gegeben wird, in dem sie sich \u00e4u\u00dfern k\u00f6nnen.<\/p><p><span style=\"font-size: 16px;\">Diese Auffassung wird durch die journalistischen Ethikkodizes unterst\u00fctzt.<\/span><a style=\"font-size: 16px; background-color: #ffffff;\" href=\"https:\/\/www.rvdj.be\/node\/63\" target=\"_blank\" rel=\"noopener\"><sup>42<\/sup><\/a><\/p><p>Die offizielle Geschichte, dass ein Lockdown notwendig sei, dass dies die einzig m\u00f6gliche L\u00f6sung sei und dass alle hinter diesem Lockdown st\u00fcnden, machte es f\u00fcr Menschen mit einer anderen Sichtweise, aber auch f\u00fcr Experten, schwierig, eine andere Meinung zu \u00e4u\u00dfern.<\/p><p>Alternative Meinungen wurden ignoriert oder l\u00e4cherlich gemacht. Wir haben keine offenen Debatten in den Medien erlebt, in denen unterschiedliche Meinungen ge\u00e4u\u00dfert werden konnten.<\/p><p><span style=\"font-size: 16px;\">Wir waren auch \u00fcberrascht von den vielen Videos und Artikeln vieler wissenschaftlicher Experten und Beh\u00f6rden, die aus den sozialen Medien entfernt wurden und immer noch werden. Wir sind der Meinung, dass dies nicht zu einem freien, demokratischen Rechtsstaat passt, zumal es zu einem Tunnelblick f\u00fchrt. Dieses Vorgehen wirkt zudem l\u00e4hmend und n\u00e4hrt Angst und Besorgnis in der Gesellschaft. <span style=\"text-decoration: underline;\">In diesem Zusammenhang lehnen wir die Absicht einer Zensur von Dissidenten in der Europ\u00e4ischen Union ab!<\/span> <\/span><a style=\"font-size: 16px; background-color: #ffffff;\" href=\"https:\/\/eur-lex.europa.eu\/legal-content\/NL\/TXT\/PDF\/?uri=CELEX:52020JC0008&amp;qid=1533485886151&amp;from=EN\" target=\"_blank\" rel=\"noopener\"><sup>43<\/sup><\/a><\/p><p>Auch die Art und Weise, wie Covid-19 von Politikern und Medien dargestellt wurde, hat der Situation nicht gut getan. Kriegsbegriffe waren popul\u00e4r und es fehlte nicht an kriegerischer Sprache. Es wurde oft von einem &#8222;Krieg&#8220; mit einem &#8222;unsichtbaren Feind&#8220; gesprochen, der &#8222;besiegt&#8220; werden m\u00fcsse. Die Verwendung von Ausdr\u00fccken wie &#8222;Pflegehelden an der Front&#8220; und &#8222;Corona-Opfer&#8220; in den Medien hat die Angst weiter gesch\u00fcrt, ebenso wie die Vorstellung, dass wir es weltweit mit einem &#8222;Killervirus&#8220; zu tun haben.<\/p><p>Das unerbittliche Bombardement mit Zahlen, die Tag f\u00fcr Tag, Stunde f\u00fcr Stunde auf die Bev\u00f6lkerung losgelassen wurden, ohne diese Zahlen zu interpretieren, ohne sie mit den Grippetodesf\u00e4llen in anderen Jahren zu vergleichen, ohne sie mit Todesf\u00e4llen aus anderen Ursachen zu vergleichen, hat in der Bev\u00f6lkerung eine regelrechte Psychose der Angst ausgel\u00f6st. Das ist keine Information, das ist Manipulation.<\/p><p><span style=\"font-size: 16px;\">Wir bedauern die Rolle der WHO in diesem Zusammenhang, die gefordert hat, die Infodemie (d.h. alle abweichenden Meinungen aus dem offiziellen Diskurs, auch von Experten mit unterschiedlichen Ansichten) durch eine beispiellose Medienzensur zum Schweigen zu bringen.<\/span><sup><a href=\"https:\/\/eur-lex.europa.eu\/legal-content\/NL\/TXT\/PDF\/?uri=CELEX:52020JC0008&amp;qid=1533485886151&amp;from=EN\" target=\"_blank\" rel=\"noopener\">43<\/a> <a href=\"https:\/\/www.thelancet.com\/journals\/lancet\/article\/PIIS0140-6736(20)30461-X\/fulltext\" target=\"_blank\" rel=\"noopener\">44<\/a><\/sup><\/p><p>Wir fordern die Medien eindringlich auf, hier ihre Verantwortung zu \u00fcbernehmen!<\/p><p>Wir fordern eine offene Debatte, in der <span style=\"text-decoration: underline;\">alle<\/span> Experten geh\u00f6rt werden.<\/p><p><strong>Notstandsgesetz versus Menschenrechte<\/strong><\/p><p>Das allgemeine Prinzip der guten Regierungsf\u00fchrung verlangt, dass die Verh\u00e4ltnism\u00e4\u00dfigkeit von Regierungsentscheidungen im Lichte der h\u00f6heren Rechtsstandards abgewogen wird: Jede Einmischung der Regierung muss mit den Grundrechten, wie sie in der Europ\u00e4ischen Menschenrechtskonvention (EMRK) gesch\u00fctzt sind, im Einklang stehen. Die Einmischung staatlicher Beh\u00f6rden ist nur in Krisensituationen zul\u00e4ssig. Mit anderen Worten: Ermessensentscheidungen m\u00fcssen in einem angemessenen Verh\u00e4ltnis zu einer absoluten Notwendigkeit stehen.<\/p><p><span style=\"font-size: 16px;\">Die derzeit getroffenen Ma\u00dfnahmen betreffen die Einmischung in die Aus\u00fcbung u.a. des Rechts auf Achtung des Privat- und Familienlebens, der Gedanken-, Gewissens- und Religionsfreiheit, der Meinungs-, Versammlungs- und Vereinigungsfreiheit, des Rechts auf Bildung usw. und m\u00fcssen daher mit den Grundrechten, wie sie in der Europ\u00e4ischen Menschenrechtskonvention (EMRK) gesch\u00fctzt sind, in Einklang stehen.<br \/>So ist zum Beispiel nach Artikel 8 Absatz 2 EMRK ein Eingriff in das Recht auf Privat- und Familienleben nur dann zul\u00e4ssig, wenn die Ma\u00dfnahmen im Interesse der nationalen Sicherheit, der \u00f6ffentlichen Sicherheit, des wirtschaftlichen Wohlergehens des Landes, des Schutzes der \u00f6ffentlichen Ordnung und der Verh\u00fctung von Straftaten, des Gesundheitsschutzes oder des Schutzes der Rechte und Freiheiten anderer notwendig sind, wobei der Regelungstext, auf dem der Eingriff beruht, hinreichend klar, vorhersehbar und im Verh\u00e4ltnis zu den verfolgten Zielen verh\u00e4ltnism\u00e4\u00dfig sein muss.<\/span><a style=\"font-size: 16px; background-color: #ffffff;\" href=\"http:\/\/www.raadvst-consetat.be\/dbx\/adviezen\/67142.pdf#search=67.142\" target=\"_blank\" rel=\"noopener\"><sup>45<\/sup><\/a><\/p><p>Die vorhergesagte Pandemie mit Millionen von Todesopfern schien diese Krisenbedingungen zu erf\u00fcllen, was zur Einsetzung einer Notstandsregierung f\u00fchrte. Nun, da die objektiven Fakten etwas v\u00f6llig anderes zeigen, ist die Bedingung der Unf\u00e4higkeit anders zu handeln (keine Zeit, um gr\u00fcndlich zu beurteilen, ob ein Notfall vorliegt) nicht mehr gegeben. Covid-19 ist kein Erk\u00e4ltungsvirus, sondern ein gut behandelbarer Zustand mit einer Sterblichkeitsrate, die mit der der saisonalen Grippe vergleichbar ist. Mit anderen Worten, es gibt keine un\u00fcberwindbare Beeintr\u00e4chtigung mehr f\u00fcr die \u00f6ffentliche Gesundheit.<\/p><p><span style=\"font-size: 16px;\">Es gibt keinen Ausnahmezustand.<\/span><\/p><p><strong>Immense Sch\u00e4den durch die gegenw\u00e4rtige Politik<\/strong><\/p><p>Eine offene Diskussion \u00fcber Corona-Ma\u00dfnahmen bedeutet, dass wir neben den gewonnenen Lebensjahren der Corona-Patienten auch andere Faktoren ber\u00fccksichtigen m\u00fcssen, die die Gesundheit der gesamten Bev\u00f6lkerung beeinflussen. Dazu geh\u00f6ren Sch\u00e4den im psychosozialen Bereich (Zunahme von Depressionen, Angstzust\u00e4nden, Selbstmorden, innerfamili\u00e4rer Gewalt und Kindesmissbrauch)<a href=\"https:\/\/psyarxiv.com\/xczb3\/\" target=\"_blank\" rel=\"noopener\"><sup>16<\/sup><\/a> und wirtschaftliche Sch\u00e4den.<\/p><p>Wenn wir diesen Kollateralschaden in Betracht ziehen, ist die gegenw\u00e4rtige Politik nicht verh\u00e4ltnism\u00e4\u00dfig und entspricht dem sprichw\u00f6rtlichen Gebrauch eines Vorschlaghammers, um eine Nuss zu knacken.<\/p><p>Wir finden es schockierend, dass sich die Regierung auf die Gesundheit als Grund f\u00fcr das Notstandsgesetz beruft.<\/p><p><span style=\"font-size: 16px;\">Als \u00c4rzte und Angeh\u00f6rige der Gesundheitsberufe k\u00f6nnen wir angesichts eines Virus, das sich in seiner Sch\u00e4dlichkeit, Sterblichkeit und \u00dcbertragbarkeit der saisonalen Grippe ann\u00e4hert, diese \u00e4u\u00dferst unverh\u00e4ltnism\u00e4\u00dfigen Ma\u00dfnahmen nur ablehnen.<\/span><\/p><ul><li><strong>Wir fordern deshalb ein sofortiges Ende aller Ma\u00dfnahmen.<\/strong><\/li><li><strong>Wir stellen die Legitimit\u00e4t der derzeitigen beratenden Experten, die hinter verschlossenen T\u00fcren tagen, in Frage.<\/strong><\/li><li><strong>Ankn\u00fcpfend an ACU 2020 <a href=\"https:\/\/acu2020.org\/\" target=\"_blank\" rel=\"noopener\"><sup>46<\/sup><\/a> <a href=\"https:\/\/acu2020.org\/nederlandse-versie\/\" target=\"_blank\" rel=\"noopener\">https:\/\/acu2020.org\/nederlandse-versie\/<\/a> fordern wir eine vertiefte Auseinandersetzung mit der Rolle der WHO und dem m\u00f6glichen Einfluss von Interessenkonflikten in dieser Organisation. Sie stand auch im Mittelpunkt des Kampfes gegen die &#8222;Infodemie&#8220;, d.h. die systematische Zensur aller abweichenden Meinungen in den Medien. Dies ist f\u00fcr einen demokratischen Rechtsstaat inakzeptabel.<a href=\"https:\/\/eur-lex.europa.eu\/legal-content\/NL\/TXT\/PDF\/?uri=CELEX:52020JC0008&amp;qid=1533485886151&amp;from=EN\" target=\"_blank\" rel=\"noopener\"><sup>43<\/sup><\/a><\/strong><\/li><\/ul><p><strong>Verteilung dieses Briefes<\/strong><\/p><p>Wir m\u00f6chten einen \u00f6ffentlichen Appell an unsere Berufsverb\u00e4nde und Pflegekollegen richten, ihre Meinung zu den aktuellen Ma\u00dfnahmen zu \u00e4u\u00dfern.<\/p><p>Wir machen darauf aufmerksam und rufen zu einer offenen Diskussion auf, in der F\u00fcrsorger ihre Meinung sagen und es auch wagen k\u00f6nnen.<\/p><p>Mit diesem offenen Brief setzen wir das Signal, dass ein Weitermachen auf diese Art und Weise mehr schadet als n\u00fctzt, und fordern die Politikerinnen und Politiker auf, sich unabh\u00e4ngig und kritisch \u00fcber die verf\u00fcgbaren Erkenntnisse &#8211; auch von Expertinnen und Experten mit unterschiedlichen Auffassungen, sofern sie auf einer soliden wissenschaftlichen Grundlage beruhen &#8211; zu informieren, wenn sie eine Politik mit dem Ziel der F\u00f6rderung optimaler Gesundheit ausarbeiten.<\/p><p>Urspr\u00fcnglich war dieser Brief f\u00fcr belgische \u00c4rzte und Angeh\u00f6rige der Gesundheitsberufe bzw. B\u00fcrger Belgiens gedacht.<\/p><p>Zunehmend gab es jedoch auch Reaktionen von ausl\u00e4ndischen Kollegen, die den offenen Brief unterschreiben wollten. Die objektiv begr\u00fcndeten Fakten und unsere Forderung nach einer sofortigen Einstellung aller weiteren Ma\u00dfnahmen scheinen alle Grenzen zu \u00fcberschreiten. Deshalb haben wir in einem bestimmten Moment beschlossen, den Brief definitiv allen \u00c4rzten zug\u00e4nglich zu machen, auf der ganzen Welt, die mit dem Inhalt einverstanden sind.<\/p><p>Auf diese Weise wird der offene Brief ein international getragenes Dokument, das darauf abzielt, die von Medien und Regierungen weltweit verbreitete Scheinpandemie offen zu legen.<\/p><p><span style=\"font-size: 16px;\">Mit Sorge, Hoffnung und mit pers\u00f6nlicher Betroffenheit.<\/span><\/p><div><span style=\"font-size: 16px;\">\u00a0<\/span><\/div><ol><li><a href=\"https:\/\/www.health.belgium.be\/nl\/wie-zijn-we#Missie\" target=\"_blank\" rel=\"noopener\">https:\/\/www.health.belgium.be\/nl\/wie-zijn-we#Missie<\/a><\/li><li><a href=\"https:\/\/standaard.be\/preventie\" target=\"_blank\" rel=\"noopener\">standaard.be\/preventie<\/a><\/li><li><a href=\"https:\/\/www.who.int\/about\/who-we-are\/constitution\" target=\"_blank\" rel=\"noopener\">https:\/\/www.who.int\/about\/who-we-are\/constitution<\/a><\/li><li><a href=\"https:\/\/www.who.int\/news-room\/fact-sheets\/detail\/human-rights-and-health\" target=\"_blank\" rel=\"noopener\">https:\/\/www.who.int\/news-room\/fact-sheets\/detail\/human-rights-and-health<\/a><\/li><li><a href=\"https:\/\/swprs.org\/feiten-over-covid19\/\" target=\"_blank\" rel=\"noopener\">https:\/\/swprs.org\/feiten-over-covid19\/<\/a><\/li><li><a href=\"https:\/\/the-iceberg.net\/\" target=\"_blank\" rel=\"noopener\">https:\/\/the-iceberg.net\/<\/a><\/li><li><a href=\"https:\/\/www.creative-diagnostics.com\/pdf\/CD019RT.pdf\" target=\"_blank\" rel=\"noopener\">https:\/\/www.creative-diagnostics.com\/pdf\/CD019RT.pdf<\/a><\/li><li>President John Magufuli of Tanzania: \u201cEven Papaya and Goats are Corona positive\u201d <a href=\"https:\/\/www.youtube.com\/watch?v=207HuOxltvI\" target=\"_blank\" rel=\"noopener\">https:\/\/www.youtube.com\/watch?v=207HuOxltvI<\/a><\/li><li>Open letter by biochemist Drs Mario Ortiz Martinez to the Dutch chamber <a href=\"https:\/\/www.gentechvrij.nl\/2020\/08\/15\/foute-interpretatie\/\" target=\"_blank\" rel=\"noopener\">https:\/\/www.gentechvrij.nl\/2020\/08\/15\/foute-interpretatie\/<\/a><\/li><li>Interview with Drs Mario Ortiz Martinez <a href=\"https:\/\/troo.tube\/videos\/watch\/6ed900eb-7459-4a1b-93fd-b393069f4fcd?fbclid=IwAR1XrullC2qopJjgFxEgbSTBvh-4ZCuJa1VxkHTXEtYMEyGG3DsNwUdaatY\" target=\"_blank\" rel=\"noopener\">https:\/\/troo.tube\/videos\/watch\/6ed900eb-7459-4a1b-93fd-b393069f4fcd?fbclid=IwAR1XrullC2qopJjgFxEgbSTBvh-4ZCuJa1VxkHTXEtYMEyGG3DsNwUdaatY<\/a><\/li><li><a href=\"https:\/\/infekt.ch\/2020\/04\/sind-wir-tatsaechlich-im-blindflug\/\" target=\"_blank\" rel=\"noopener\">https:\/\/infekt.ch\/2020\/04\/sind-wir-tatsaechlich-im-blindflug\/<\/a><\/li><li>Lambrecht, B., Hammad, H. The immunology of the allergy epidemic and the hygiene hypothesis.\u00a0Nat Immunol\u00a018,\u00a01076\u20131083 (2017). <a href=\"https:\/\/www.nature.com\/articles\/ni.3829\" target=\"_blank\" rel=\"noopener\">https:\/\/www.nature.com\/articles\/ni.3829<\/a><\/li><li>Sharvan Sehrawat, Barry T. Rouse, Does the hygiene hypothesis apply to COVID-19 susceptibility?, Microbes and Infection, 2020, ISSN 1286-4579, <a href=\"https:\/\/doi.org\/10.1016\/j.micinf.2020.07.002\" target=\"_blank\" rel=\"noopener\">https:\/\/doi.org\/10.1016\/j.micinf.2020.07.002<\/a><\/li><li><a href=\"https:\/\/www.cell.com\/cell\/fulltext\/S0092-8674(20)30610-3?_returnURL=https%3A%2F%2Flinkinghub.elsevier.com%2Fretrieve%2Fpii%2FS0092867420306103%3Fshowall%3Dtrue\" target=\"_blank\" rel=\"noopener\">https:\/\/www.cell.com\/cell\/fulltext\/S0092-8674(20)30610-3?_returnURL=https%3A%2F%2Flinkinghub.elsevier.com%2Fretrieve%2Fpii%2FS0092867420306103%3Fshowall%3Dtrue<\/a><\/li><li><a href=\"https:\/\/www.hpdetijd.nl\/2020-08-11\/9-manieren-om-corona-te-voorkomen\/\" target=\"_blank\" rel=\"noopener\">https:\/\/www.hpdetijd.nl\/2020-08-11\/9-manieren-om-corona-te-voorkomen\/<\/a><\/li><li>Feys, F., Brokken, S., &amp; De Peuter, S. (2020, May 22). Risk-benefit and cost-utility analysis for COVID-19 lockdown in Belgium: the impact on mental health and wellbeing. <a href=\"https:\/\/psyarxiv.com\/xczb3\/\" target=\"_blank\" rel=\"noopener\">https:\/\/psyarxiv.com\/xczb3\/<\/a><\/li><li><a href=\"https:\/\/kompanje.org\/2020\/05\/11\/voortijdig-overlijden-en-psychisch-leed-door-quarantaine-en-sociale-isolatie\/\" target=\"_blank\" rel=\"noopener\">Kompanje, 2020<\/a><\/li><li><a href=\"https:\/\/www.ncbi.nlm.nih.gov\/pmc\/articles\/pmc3159686\/\" target=\"_blank\" rel=\"noopener\">Conn, Hafdahl en Brown, 2009;\u00a0Martinsen 2008;\u00a0Yau, 2008<\/a><\/li><li><a href=\"https:\/\/brandbriefggz.nl\/\" target=\"_blank\" rel=\"noopener\">https:\/\/brandbriefggz.nl\/<\/a><\/li><li><a href=\"https:\/\/swprs.org\/studies-on-covid-19-lethality\/#overall-mortality\" target=\"_blank\" rel=\"noopener\">https:\/\/swprs.org\/studies-on-covid-19-lethality\/#overall-mortality<\/a><\/li><li><a href=\"https:\/\/www.xandernieuws.net\/algemeen\/groep-artsen-vs-komt-in-verzet-facebook-bant-hun-17-miljoen-keer-bekeken-video\/\" target=\"_blank\" rel=\"noopener\">https:\/\/www.xandernieuws.net\/algemeen\/groep-artsen-vs-komt-in-verzet-facebook-bant-hun-17-miljoen-keer-bekeken-video\/<\/a><\/li><li><a href=\"https:\/\/www.petities.com\/einde_corona_crises_overheid_sta_behandeling_van_covid-19_met_hcq_en_zink_toe\" target=\"_blank\" rel=\"noopener\">https:\/\/www.petities.com\/einde_corona_crises_overheid_sta_behandeling_van_covid-19_met_hcq_en_zink_toe<\/a><\/li><li><a href=\"https:\/\/zelfzorgcovid19.nl\/statistieken-zwitserland-met-hcq-zonder-hcq-met-hcq-leveren-het-bewijs\/\" target=\"_blank\" rel=\"noopener\">https:\/\/zelfzorgcovid19.nl\/statistieken-zwitserland-met-hcq-zonder-hcq-met-hcq-leveren-het-bewijs\/<\/a><\/li><li><a href=\"https:\/\/www.cnbc.com\/2020\/06\/08\/asymptomatic-coronavirus-patients-arent-spreading-new-infections-who-says.html\" target=\"_blank\" rel=\"noopener\">https:\/\/www.cnbc.com\/2020\/06\/08\/asymptomatic-coronavirus-patients-arent-spreading-new-infections-who-says.html<\/a><\/li><li><a href=\"http:\/\/www.emro.who.int\/health-topics\/corona-virus\/transmission-of-covid-19-by-asymptomatic-cases.html\" target=\"_blank\" rel=\"noopener\">http:\/\/www.emro.who.int\/health-topics\/corona-virus\/transmission-of-covid-19-by-asymptomatic-cases.html<\/a><\/li><li>WHO <a href=\"https:\/\/www.marketwatch.com\/story\/who-we-did-not-say-that-cash-was-transmitting-coronavirus-2020-03-06\" target=\"_blank\" rel=\"noopener\">https:\/\/www.marketwatch.com\/story\/who-we-did-not-say-that-cash-was-transmitting-coronavirus-2020-03-06<\/a><\/li><li><a href=\"https:\/\/www.nordkurier.de\/ratgeber\/es-gibt-keine-gefahr-jemandem-beim-einkaufen-zu-infizieren-0238940804.html\" target=\"_blank\" rel=\"noopener\">https:\/\/www.nordkurier.de\/ratgeber\/es-gibt-keine-gefahr-jemandem-beim-einkaufen-zu-infizieren-0238940804.html<\/a><\/li><li><a href=\"https:\/\/www.reuters.com\/article\/us-health-coronavirus-germany-banknotes\/banknotes-carry-no-particular-coronavirus-risk-german-disease-expert-idUSKBN20Y2ZT\" target=\"_blank\" rel=\"noopener\">https:\/\/www.reuters.com\/article\/us-health-coronavirus-germany-banknotes\/banknotes-carry-no-particular-coronavirus-risk-german-disease-expert-idUSKBN20Y2ZT<\/a><\/li><li>29. Contradictory statements by our virologists <a href=\"https:\/\/www.youtube.com\/watch?v=6K9xfmkMsvM\" target=\"_blank\" rel=\"noopener\">https:\/\/www.youtube.com\/watch?v=6K9xfmkMsvM<\/a><\/li><li><a href=\"https:\/\/www.hpdetijd.nl\/2020-07-05\/stop-met-anderhalve-meter-afstand-en-het-verplicht-dragen-van-mondkapjes\/\" target=\"_blank\" rel=\"noopener\">https:\/\/www.hpdetijd.nl\/2020-07-05\/stop-met-anderhalve-meter-afstand-en-het-verplicht-dragen-van-mondkapjes\/<\/a><\/li><li>Security expert Tammy K. Herrema Clark <a href=\"https:\/\/youtu.be\/TgDm_maAglM\" target=\"_blank\" rel=\"noopener\">https:\/\/youtu.be\/TgDm_maAglM<\/a><\/li><li><a href=\"https:\/\/theplantstrongclub.org\/2020\/07\/04\/healthy-people-should-not-wear-face-masks-by-jim-meehan-md\/\" target=\"_blank\" rel=\"noopener\">https:\/\/theplantstrongclub.org\/2020\/07\/04\/healthy-people-should-not-wear-face-masks-by-jim-meehan-md\/<\/a><\/li><li><a href=\"https:\/\/www.technocracy.news\/blaylock-face-masks-pose-serious-risks-to-the-healthy\/\" target=\"_blank\" rel=\"noopener\">https:\/\/www.technocracy.news\/blaylock-face-masks-pose-serious-risks-to-the-healthy\/<\/a><\/li><li><a href=\"https:\/\/www.news-medical.net\/news\/20200315\/Reusing-masks-may-increase-your-risk-of-coronavirus-infection-expert-says.aspx\" target=\"_blank\" rel=\"noopener\">https:\/\/www.news-medical.net\/news\/20200315\/Reusing-masks-may-increase-your-risk-of-coronavirus-infection-expert-says.aspx<\/a><\/li><li><a href=\"https:\/\/werk.belgie.be\/nl\/nieuws\/nieuwe-regels-voor-de-kwaliteit-van-de-binnenlucht-werklokalen\" target=\"_blank\" rel=\"noopener\">https:\/\/werk.belgie.be\/nl\/nieuws\/nieuwe-regels-voor-de-kwaliteit-van-de-binnenlucht-werklokalen<\/a><\/li><li><a href=\"https:\/\/kavlaanderen.blogspot.com\/2020\/07\/als-maskers-niet-werken-waarom-dragen.html\" target=\"_blank\" rel=\"noopener\">https:\/\/kavlaanderen.blogspot.com\/2020\/07\/als-maskers-niet-werken-waarom-dragen.html<\/a><\/li><li><a href=\"https:\/\/covid-19.sciensano.be\/sites\/default\/files\/Covid19\/Meest%20recente%20update.pdf\" target=\"_blank\" rel=\"noopener\">https:\/\/covid-19.sciensano.be\/sites\/default\/files\/Covid19\/Meest%20recente%20update.pdf<\/a><\/li><li>Haralambieva, I.H. et al., 2015. The impact of immunosenescence on humoral immune response variation after influenza A\/H1N1 vaccination in older subjects. <a href=\"https:\/\/pubmed.ncbi.nlm.nih.gov\/26044074\/\" target=\"_blank\" rel=\"noopener\">https:\/\/pubmed.ncbi.nlm.nih.gov\/26044074\/<\/a><\/li><li>Global vaccine safety summit WHO 2019 <a href=\"https:\/\/www.youtube.com\/watch?v=oJXXDLGKmPg\" target=\"_blank\" rel=\"noopener\">https:\/\/www.youtube.com\/watch?v=oJXXDLGKmPg<\/a><\/li><li>No liability manufacturers vaccines <a href=\"https:\/\/m.nieuwsblad.be\/cnt\/dmf20200804_95956456?fbclid=IwAR0IgiA-6sNVQvE8rMC6O5Gq5xhOulbcN1BhdI7Rw-7eq_pRtJDCxde6SQI\" target=\"_blank\" rel=\"noopener\">https:\/\/m.nieuwsblad.be\/cnt\/dmf20200804_95956456?fbclid=IwAR0IgiA-6sNVQvE8rMC6O5Gq5xhOulbcN1BhdI7Rw-7eq_pRtJDCxde6SQI<\/a><\/li><li><a href=\"https:\/\/www.newsbreak.com\/news\/1572921830018\/bill-gates-admits-700000-people-will-be-harmed-or-killed-by-his-covid-19-solution\" target=\"_blank\" rel=\"noopener\">https:\/\/www.newsbreak.com\/news\/1572921830018\/bill-gates-admits-700000-people-will-be-harmed-or-killed-by-his-covid-19-solution<\/a><\/li><li>Journalistic code <a href=\"https:\/\/www.rvdj.be\/node\/63\" target=\"_blank\" rel=\"noopener\">https:\/\/www.rvdj.be\/node\/63<\/a><\/li><li>Disinformation related to COVID-19 approaches European Commission <a href=\"https:\/\/eur-lex.europa.eu\/legal-content\/NL\/TXT\/PDF\/?uri=CELEX:52020JC0008&amp;qid=1533485886151&amp;from=EN\" target=\"_blank\" rel=\"noopener\">EurLex, juni 2020<\/a> (this file will not damage your computer)<\/li><li><a href=\"https:\/\/www.thelancet.com\/journals\/lancet\/article\/PIIS0140-6736(20)30461-X\/fulltext\" target=\"_blank\" rel=\"noopener\">https:\/\/www.thelancet.com\/journals\/lancet\/article\/PIIS0140-6736(20)30461-X\/fulltext<\/a><\/li><li><a href=\"http:\/\/www.raadvst-consetat.be\/dbx\/adviezen\/67142.pdf#search=67.142\" target=\"_blank\" rel=\"noopener\">http:\/\/www.raadvst-consetat.be\/dbx\/adviezen\/67142.pdf#search=67.142<\/a><\/li><li><a href=\"https:\/\/acu2020.org\/\" target=\"_blank\" rel=\"noopener\">https:\/\/acu2020.org\/<\/a><\/li><li><a href=\"https:\/\/reader.elsevier.com\/reader\/sd\/pii\/S0049384820303297?token=9718E5413AACDE0D14A3A0A56A89A3EF744B5A201097F4459AE565EA5EDB222803FF46D7C6CD3419652A215FDD2C874F\" target=\"_blank\" rel=\"noopener\">https:\/\/reader.elsevier.com\/reader\/sd\/pii\/S0049384820303297?token=9718E5413AACDE0D14A3A0A56A89A3EF744B5A201097F4459AE565EA5EDB222803FF46D7C6CD3419652A215FDD2C874F<\/a><\/li><li><a href=\"https:\/\/www.thelancet.com\/journals\/lancet\/article\/PIIS0140-6736(20)31180-6\/fulltext\" target=\"_blank\" rel=\"noopener\">https:\/\/www.thelancet.com\/journals\/lancet\/article\/PIIS0140-6736(20)31180-6\/fulltext<\/a><\/li><li><a href=\"https:\/\/www.thelancet.com\/journals\/lancet\/article\/PIIS0140-6736(20)31324-6\/fulltext\" target=\"_blank\" rel=\"noopener\">https:\/\/www.thelancet.com\/journals\/lancet\/article\/PIIS0140-6736(20)31324-6\/fulltext<\/a><\/li><li>There is no revival of the pandemic, but a so-called casedemic due to more testing.<br \/><a href=\"https:\/\/www.greenmedinfo.com\/blog\/crucial-viewing-understanding-covid-19-casedemic1\" target=\"_blank\" rel=\"noopener\">https:\/\/www.greenmedinfo.com\/blog\/crucial-viewing-understanding-covid-19-casedemic1<\/a><\/li><li><a href=\"https:\/\/docs4opendebate.be\/wp-content\/uploads\/2020\/09\/white-paper-on-hcq-from-AFD.pdf\" target=\"_blank\" rel=\"noopener\">https:\/\/docs4opendebate.be\/wp-content\/uploads\/2020\/09\/white-paper-on-hcq-from-AFD.pdf<\/a><\/li><\/ol>\t\t\t\t\t\t\t\t<\/div>\n\t\t\t\t<\/div>\n\t\t\t\t\t<\/div>\n\t\t<\/div>\n\t\t\t\t<div class=\"elementor-column elementor-col-33 elementor-inner-column elementor-element elementor-element-f5cf0dd\" data-id=\"f5cf0dd\" data-element_type=\"column\" data-e-type=\"column\">\n\t\t\t<div class=\"elementor-widget-wrap\">\n\t\t\t\t\t\t\t<\/div>\n\t\t<\/div>\n\t\t\t\t\t<\/div>\n\t\t<\/section>\n\t\t\t\t<div class=\"elementor-element elementor-element-9a9133b elementor-align-center elementor-widget elementor-widget-button\" data-id=\"9a9133b\" data-element_type=\"widget\" data-e-type=\"widget\" data-widget_type=\"button.default\">\n\t\t\t\t<div class=\"elementor-widget-container\">\n\t\t\t\t\t\t\t\t\t<div class=\"elementor-button-wrapper\">\n\t\t\t\t\t<a class=\"elementor-button elementor-button-link elementor-size-sm\" href=\"https:\/\/docs4opendebate.be\/de\/#petitie\">\n\t\t\t\t\t\t<span class=\"elementor-button-content-wrapper\">\n\t\t\t\t\t\t\t\t\t<span class=\"elementor-button-text\">Unterschreiben Sie den Brief<\/span>\n\t\t\t\t\t<\/span>\n\t\t\t\t\t<\/a>\n\t\t\t\t<\/div>\n\t\t\t\t\t\t\t\t<\/div>\n\t\t\t\t<\/div>\n\t\t\t\t\t<\/div>\n\t\t<\/div>\n\t\t\t\t\t<\/div>\n\t\t<\/section>\n\t\t\t\t<\/div>\n\t\t","protected":false},"excerpt":{"rendered":"<p>Offener Brief von \u00c4rzten und Fachleuten aus dem Gesundheitsbereich an alle belgischen Beh\u00f6rden und alle belgischen Medien. 5. September 2020 Wir, \u00c4rzte und Angeh\u00f6rige der Gesundheitsberufe, m\u00f6chten unsere ernste Besorgnis \u00fcber die Entwicklung der Situation in den letzten Monaten im Zusammenhang mit dem Ausbruch des SARS-CoV-2-Virus zum Ausdruck bringen. Wir fordern die Politiker auf, unabh\u00e4ngig [&hellip;]<\/p>\n<div class='heateor_sss_sharing_container heateor_sss_vertical_sharing heateor_sss_bottom_sharing' style='width:44px;right: -10px;top: 180px;-webkit-box-shadow:none;box-shadow:none;' data-heateor-sss-href='https:\/\/docs4opendebate.be\/de\/wp-json\/wp\/v2\/pages\/1316'><div class=\"heateor_sss_sharing_ul\"><a aria-label=\"Facebook\" class=\"heateor_sss_facebook\" href=\"https:\/\/www.facebook.com\/sharer\/sharer.php?u=https%3A%2F%2Fdocs4opendebate.be%2Fde%2Fwp-json%2Fwp%2Fv2%2Fpages%2F1316\" title=\"Facebook\" rel=\"nofollow noopener\" target=\"_blank\" style=\"font-size:32px!important;box-shadow:none;display:inline-block;vertical-align:middle\"><span class=\"heateor_sss_svg\" style=\"background-color:#0765FE;width:40px;height:40px;margin:0;display:inline-block;opacity:1;float:left;font-size:32px;box-shadow:none;display:inline-block;font-size:16px;padding:0 4px;vertical-align:middle;background-repeat:repeat;overflow:hidden;padding:0;cursor:pointer;box-sizing:content-box\"><svg style=\"display:block;\" focusable=\"false\" aria-hidden=\"true\" xmlns=\"http:\/\/www.w3.org\/2000\/svg\" width=\"100%\" height=\"100%\" viewBox=\"0 0 32 32\"><path fill=\"#fff\" d=\"M28 16c0-6.627-5.373-12-12-12S4 9.373 4 16c0 5.628 3.875 10.35 9.101 11.647v-7.98h-2.474V16H13.1v-1.58c0-4.085 1.849-5.978 5.859-5.978.76 0 2.072.15 2.608.298v3.325c-.283-.03-.775-.045-1.386-.045-1.967 0-2.728.745-2.728 2.683V16h3.92l-.673 3.667h-3.247v8.245C23.395 27.195 28 22.135 28 16Z\"><\/path><\/svg><\/span><\/a><a aria-label=\"Twitter\" class=\"heateor_sss_button_twitter\" href=\"https:\/\/twitter.com\/intent\/tweet?text=Docs4opendebate%20-%20&url=https%3A%2F%2Fdocs4opendebate.be%2Fde%2Fwp-json%2Fwp%2Fv2%2Fpages%2F1316\" title=\"Twitter\" rel=\"nofollow noopener\" target=\"_blank\" style=\"font-size:32px!important;box-shadow:none;display:inline-block;vertical-align:middle\"><span class=\"heateor_sss_svg heateor_sss_s__default heateor_sss_s_twitter\" style=\"background-color:#55acee;width:40px;height:40px;margin:0;display:inline-block;opacity:1;float:left;font-size:32px;box-shadow:none;display:inline-block;font-size:16px;padding:0 4px;vertical-align:middle;background-repeat:repeat;overflow:hidden;padding:0;cursor:pointer;box-sizing:content-box\"><svg style=\"display:block;\" focusable=\"false\" aria-hidden=\"true\" xmlns=\"http:\/\/www.w3.org\/2000\/svg\" width=\"100%\" height=\"100%\" viewBox=\"-4 -4 39 39\"><path d=\"M28 8.557a9.913 9.913 0 0 1-2.828.775 4.93 4.93 0 0 0 2.166-2.725 9.738 9.738 0 0 1-3.13 1.194 4.92 4.92 0 0 0-3.593-1.55 4.924 4.924 0 0 0-4.794 6.049c-4.09-.21-7.72-2.17-10.15-5.15a4.942 4.942 0 0 0-.665 2.477c0 1.71.87 3.214 2.19 4.1a4.968 4.968 0 0 1-2.23-.616v.06c0 2.39 1.7 4.38 3.952 4.83-.414.115-.85.174-1.297.174-.318 0-.626-.03-.928-.086a4.935 4.935 0 0 0 4.6 3.42 9.893 9.893 0 0 1-6.114 2.107c-.398 0-.79-.023-1.175-.068a13.953 13.953 0 0 0 7.55 2.213c9.056 0 14.01-7.507 14.01-14.013 0-.213-.005-.426-.015-.637.96-.695 1.795-1.56 2.455-2.55z\" fill=\"#fff\"><\/path><\/svg><\/span><\/a><a aria-label=\"Linkedin\" class=\"heateor_sss_button_linkedin\" href=\"https:\/\/www.linkedin.com\/sharing\/share-offsite\/?url=https%3A%2F%2Fdocs4opendebate.be%2Fde%2Fwp-json%2Fwp%2Fv2%2Fpages%2F1316\" title=\"Linkedin\" rel=\"nofollow noopener\" target=\"_blank\" style=\"font-size:32px!important;box-shadow:none;display:inline-block;vertical-align:middle\"><span class=\"heateor_sss_svg heateor_sss_s__default heateor_sss_s_linkedin\" style=\"background-color:#0077b5;width:40px;height:40px;margin:0;display:inline-block;opacity:1;float:left;font-size:32px;box-shadow:none;display:inline-block;font-size:16px;padding:0 4px;vertical-align:middle;background-repeat:repeat;overflow:hidden;padding:0;cursor:pointer;box-sizing:content-box\"><svg style=\"display:block;\" focusable=\"false\" aria-hidden=\"true\" xmlns=\"http:\/\/www.w3.org\/2000\/svg\" width=\"100%\" height=\"100%\" viewBox=\"0 0 32 32\"><path d=\"M6.227 12.61h4.19v13.48h-4.19V12.61zm2.095-6.7a2.43 2.43 0 0 1 0 4.86c-1.344 0-2.428-1.09-2.428-2.43s1.084-2.43 2.428-2.43m4.72 6.7h4.02v1.84h.058c.56-1.058 1.927-2.176 3.965-2.176 4.238 0 5.02 2.792 5.02 6.42v7.395h-4.183v-6.56c0-1.564-.03-3.574-2.178-3.574-2.18 0-2.514 1.7-2.514 3.46v6.668h-4.187V12.61z\" fill=\"#fff\"><\/path><\/svg><\/span><\/a><a aria-label=\"Whatsapp\" class=\"heateor_sss_whatsapp\" href=\"https:\/\/api.whatsapp.com\/send?text=Docs4opendebate%20-%20%20https%3A%2F%2Fdocs4opendebate.be%2Fde%2Fwp-json%2Fwp%2Fv2%2Fpages%2F1316\" title=\"Whatsapp\" rel=\"nofollow noopener\" target=\"_blank\" style=\"font-size:32px!important;box-shadow:none;display:inline-block;vertical-align:middle\"><span class=\"heateor_sss_svg\" style=\"background-color:#55eb4c;width:40px;height:40px;margin:0;display:inline-block;opacity:1;float:left;font-size:32px;box-shadow:none;display:inline-block;font-size:16px;padding:0 4px;vertical-align:middle;background-repeat:repeat;overflow:hidden;padding:0;cursor:pointer;box-sizing:content-box\"><svg style=\"display:block;\" focusable=\"false\" aria-hidden=\"true\" xmlns=\"http:\/\/www.w3.org\/2000\/svg\" width=\"100%\" height=\"100%\" viewBox=\"-6 -5 40 40\"><path class=\"heateor_sss_svg_stroke heateor_sss_no_fill\" stroke=\"#fff\" stroke-width=\"2\" fill=\"none\" d=\"M 11.579798566743314 24.396926207859085 A 10 10 0 1 0 6.808479557110079 20.73576436351046\"><\/path><path d=\"M 7 19 l -1 6 l 6 -1\" class=\"heateor_sss_no_fill heateor_sss_svg_stroke\" stroke=\"#fff\" stroke-width=\"2\" fill=\"none\"><\/path><path d=\"M 10 10 q -1 8 8 11 c 5 -1 0 -6 -1 -3 q -4 -3 -5 -5 c 4 -2 -1 -5 -1 -4\" fill=\"#fff\"><\/path><\/svg><\/span><\/a><a aria-label=\"Email\" class=\"heateor_sss_email\" href=\"https:\/\/docs4opendebate.be\/de\/wp-json\/wp\/v2\/pages\/1316\" onclick=\"event.preventDefault();window.open('mailto:?subject=' + decodeURIComponent('Docs4opendebate%20-%20').replace('&', '%26') + '&body=https%3A%2F%2Fdocs4opendebate.be%2Fde%2Fwp-json%2Fwp%2Fv2%2Fpages%2F1316', '_blank')\" title=\"Email\" rel=\"noopener\" style=\"font-size:32px!important;box-shadow:none;display:inline-block;vertical-align:middle\"><span class=\"heateor_sss_svg\" style=\"background-color:#649a3f;width:40px;height:40px;margin:0;display:inline-block;opacity:1;float:left;font-size:32px;box-shadow:none;display:inline-block;font-size:16px;padding:0 4px;vertical-align:middle;background-repeat:repeat;overflow:hidden;padding:0;cursor:pointer;box-sizing:content-box\"><svg style=\"display:block;\" focusable=\"false\" aria-hidden=\"true\" xmlns=\"http:\/\/www.w3.org\/2000\/svg\" width=\"100%\" height=\"100%\" viewBox=\"-.75 -.5 36 36\"><path d=\"M 5.5 11 h 23 v 1 l -11 6 l -11 -6 v -1 m 0 2 l 11 6 l 11 -6 v 11 h -22 v -11\" stroke-width=\"1\" fill=\"#fff\"><\/path><\/svg><\/span><\/a><\/div><div class=\"heateorSssClear\"><\/div><\/div>","protected":false},"author":1,"featured_media":0,"parent":0,"menu_order":0,"comment_status":"closed","ping_status":"closed","template":"","meta":{"site-sidebar-layout":"no-sidebar","site-content-layout":"page-builder","ast-site-content-layout":"default","site-content-style":"default","site-sidebar-style":"default","ast-global-header-display":"","ast-banner-title-visibility":"","ast-main-header-display":"","ast-hfb-above-header-display":"","ast-hfb-below-header-display":"","ast-hfb-mobile-header-display":"","site-post-title":"disabled","ast-breadcrumbs-content":"","ast-featured-img":"disabled","footer-sml-layout":"","ast-disable-related-posts":"","theme-transparent-header-meta":"default","adv-header-id-meta":"","stick-header-meta":"default","header-above-stick-meta":"","header-main-stick-meta":"","header-below-stick-meta":"","astra-migrate-meta-layouts":"default","ast-page-background-enabled":"default","ast-page-background-meta":{"desktop":{"background-color":"","background-image":"","background-repeat":"repeat","background-position":"center center","background-size":"auto","background-attachment":"scroll","background-type":"","background-media":"","overlay-type":"","overlay-color":"","overlay-opacity":"","overlay-gradient":""},"tablet":{"background-color":"","background-image":"","background-repeat":"repeat","background-position":"center center","background-size":"auto","background-attachment":"scroll","background-type":"","background-media":"","overlay-type":"","overlay-color":"","overlay-opacity":"","overlay-gradient":""},"mobile":{"background-color":"","background-image":"","background-repeat":"repeat","background-position":"center center","background-size":"auto","background-attachment":"scroll","background-type":"","background-media":"","overlay-type":"","overlay-color":"","overlay-opacity":"","overlay-gradient":""}},"ast-content-background-meta":{"desktop":{"background-color":"var(--ast-global-color-5)","background-image":"","background-repeat":"repeat","background-position":"center center","background-size":"auto","background-attachment":"scroll","background-type":"","background-media":"","overlay-type":"","overlay-color":"","overlay-opacity":"","overlay-gradient":""},"tablet":{"background-color":"var(--ast-global-color-5)","background-image":"","background-repeat":"repeat","background-position":"center center","background-size":"auto","background-attachment":"scroll","background-type":"","background-media":"","overlay-type":"","overlay-color":"","overlay-opacity":"","overlay-gradient":""},"mobile":{"background-color":"var(--ast-global-color-5)","background-image":"","background-repeat":"repeat","background-position":"center center","background-size":"auto","background-attachment":"scroll","background-type":"","background-media":"","overlay-type":"","overlay-color":"","overlay-opacity":"","overlay-gradient":""}},"footnotes":""},"class_list":["post-1316","page","type-page","status-publish","hentry"],"yoast_head":"<!-- This site is optimized with the Yoast SEO plugin v27.4 - https:\/\/yoast.com\/product\/yoast-seo-wordpress\/ -->\n<title>Offener Brief - Docs4opendebate<\/title>\n<meta name=\"robots\" content=\"index, follow, max-snippet:-1, max-image-preview:large, max-video-preview:-1\" \/>\n<link rel=\"canonical\" href=\"https:\/\/docs4opendebate.be\/de\/offener-brief\/\" \/>\n<meta property=\"og:locale\" content=\"de_DE\" \/>\n<meta property=\"og:type\" content=\"article\" \/>\n<meta property=\"og:title\" content=\"Offener Brief - Docs4opendebate\" \/>\n<meta property=\"og:description\" content=\"Offener Brief von \u00c4rzten und Fachleuten aus dem Gesundheitsbereich an alle belgischen Beh\u00f6rden und alle belgischen Medien. 5. September 2020 Wir, \u00c4rzte und Angeh\u00f6rige der Gesundheitsberufe, m\u00f6chten unsere ernste Besorgnis \u00fcber die Entwicklung der Situation in den letzten Monaten im Zusammenhang mit dem Ausbruch des SARS-CoV-2-Virus zum Ausdruck bringen. Wir fordern die Politiker auf, unabh\u00e4ngig [&hellip;]\" \/>\n<meta property=\"og:url\" content=\"https:\/\/docs4opendebate.be\/de\/offener-brief\/\" \/>\n<meta property=\"og:site_name\" content=\"Docs4opendebate\" \/>\n<meta property=\"article:modified_time\" content=\"2020-11-27T10:05:26+00:00\" \/>\n<meta name=\"twitter:card\" content=\"summary_large_image\" \/>\n<meta name=\"twitter:label1\" content=\"Gesch\u00e4tzte Lesezeit\" \/>\n\t<meta name=\"twitter:data1\" content=\"25\u00a0Minuten\" \/>\n<script type=\"application\/ld+json\" class=\"yoast-schema-graph\">{\"@context\":\"https:\\\/\\\/schema.org\",\"@graph\":[{\"@type\":\"WebPage\",\"@id\":\"https:\\\/\\\/docs4opendebate.be\\\/de\\\/offener-brief\\\/\",\"url\":\"https:\\\/\\\/docs4opendebate.be\\\/de\\\/offener-brief\\\/\",\"name\":\"Offener Brief - Docs4opendebate\",\"isPartOf\":{\"@id\":\"https:\\\/\\\/docs4opendebate.be\\\/de\\\/#website\"},\"datePublished\":\"2020-09-10T13:58:19+00:00\",\"dateModified\":\"2020-11-27T10:05:26+00:00\",\"breadcrumb\":{\"@id\":\"https:\\\/\\\/docs4opendebate.be\\\/de\\\/offener-brief\\\/#breadcrumb\"},\"inLanguage\":\"de\",\"potentialAction\":[{\"@type\":\"ReadAction\",\"target\":[\"https:\\\/\\\/docs4opendebate.be\\\/de\\\/offener-brief\\\/\"]}]},{\"@type\":\"BreadcrumbList\",\"@id\":\"https:\\\/\\\/docs4opendebate.be\\\/de\\\/offener-brief\\\/#breadcrumb\",\"itemListElement\":[{\"@type\":\"ListItem\",\"position\":1,\"name\":\"Home\",\"item\":\"https:\\\/\\\/docs4opendebate.be\\\/de\\\/\"},{\"@type\":\"ListItem\",\"position\":2,\"name\":\"Offener Brief\"}]},{\"@type\":\"WebSite\",\"@id\":\"https:\\\/\\\/docs4opendebate.be\\\/de\\\/#website\",\"url\":\"https:\\\/\\\/docs4opendebate.be\\\/de\\\/\",\"name\":\"Docs4opendebate\",\"description\":\"\",\"publisher\":{\"@id\":\"https:\\\/\\\/docs4opendebate.be\\\/de\\\/#organization\"},\"potentialAction\":[{\"@type\":\"SearchAction\",\"target\":{\"@type\":\"EntryPoint\",\"urlTemplate\":\"https:\\\/\\\/docs4opendebate.be\\\/de\\\/?s={search_term_string}\"},\"query-input\":{\"@type\":\"PropertyValueSpecification\",\"valueRequired\":true,\"valueName\":\"search_term_string\"}}],\"inLanguage\":\"de\"},{\"@type\":\"Organization\",\"@id\":\"https:\\\/\\\/docs4opendebate.be\\\/de\\\/#organization\",\"name\":\"Docs4opendebate\",\"url\":\"https:\\\/\\\/docs4opendebate.be\\\/de\\\/\",\"logo\":{\"@type\":\"ImageObject\",\"inLanguage\":\"de\",\"@id\":\"https:\\\/\\\/docs4opendebate.be\\\/de\\\/#\\\/schema\\\/logo\\\/image\\\/\",\"url\":\"https:\\\/\\\/docs4opendebate.be\\\/wp-content\\\/uploads\\\/2020\\\/08\\\/logo.jpg\",\"contentUrl\":\"https:\\\/\\\/docs4opendebate.be\\\/wp-content\\\/uploads\\\/2020\\\/08\\\/logo.jpg\",\"width\":180,\"height\":70,\"caption\":\"Docs4opendebate\"},\"image\":{\"@id\":\"https:\\\/\\\/docs4opendebate.be\\\/de\\\/#\\\/schema\\\/logo\\\/image\\\/\"}}]}<\/script>\n<!-- \/ Yoast SEO plugin. -->","yoast_head_json":{"title":"Offener Brief - Docs4opendebate","robots":{"index":"index","follow":"follow","max-snippet":"max-snippet:-1","max-image-preview":"max-image-preview:large","max-video-preview":"max-video-preview:-1"},"canonical":"https:\/\/docs4opendebate.be\/de\/offener-brief\/","og_locale":"de_DE","og_type":"article","og_title":"Offener Brief - Docs4opendebate","og_description":"Offener Brief von \u00c4rzten und Fachleuten aus dem Gesundheitsbereich an alle belgischen Beh\u00f6rden und alle belgischen Medien. 5. September 2020 Wir, \u00c4rzte und Angeh\u00f6rige der Gesundheitsberufe, m\u00f6chten unsere ernste Besorgnis \u00fcber die Entwicklung der Situation in den letzten Monaten im Zusammenhang mit dem Ausbruch des SARS-CoV-2-Virus zum Ausdruck bringen. Wir fordern die Politiker auf, unabh\u00e4ngig [&hellip;]","og_url":"https:\/\/docs4opendebate.be\/de\/offener-brief\/","og_site_name":"Docs4opendebate","article_modified_time":"2020-11-27T10:05:26+00:00","twitter_card":"summary_large_image","twitter_misc":{"Gesch\u00e4tzte Lesezeit":"25\u00a0Minuten"},"schema":{"@context":"https:\/\/schema.org","@graph":[{"@type":"WebPage","@id":"https:\/\/docs4opendebate.be\/de\/offener-brief\/","url":"https:\/\/docs4opendebate.be\/de\/offener-brief\/","name":"Offener Brief - Docs4opendebate","isPartOf":{"@id":"https:\/\/docs4opendebate.be\/de\/#website"},"datePublished":"2020-09-10T13:58:19+00:00","dateModified":"2020-11-27T10:05:26+00:00","breadcrumb":{"@id":"https:\/\/docs4opendebate.be\/de\/offener-brief\/#breadcrumb"},"inLanguage":"de","potentialAction":[{"@type":"ReadAction","target":["https:\/\/docs4opendebate.be\/de\/offener-brief\/"]}]},{"@type":"BreadcrumbList","@id":"https:\/\/docs4opendebate.be\/de\/offener-brief\/#breadcrumb","itemListElement":[{"@type":"ListItem","position":1,"name":"Home","item":"https:\/\/docs4opendebate.be\/de\/"},{"@type":"ListItem","position":2,"name":"Offener Brief"}]},{"@type":"WebSite","@id":"https:\/\/docs4opendebate.be\/de\/#website","url":"https:\/\/docs4opendebate.be\/de\/","name":"Docs4opendebate","description":"","publisher":{"@id":"https:\/\/docs4opendebate.be\/de\/#organization"},"potentialAction":[{"@type":"SearchAction","target":{"@type":"EntryPoint","urlTemplate":"https:\/\/docs4opendebate.be\/de\/?s={search_term_string}"},"query-input":{"@type":"PropertyValueSpecification","valueRequired":true,"valueName":"search_term_string"}}],"inLanguage":"de"},{"@type":"Organization","@id":"https:\/\/docs4opendebate.be\/de\/#organization","name":"Docs4opendebate","url":"https:\/\/docs4opendebate.be\/de\/","logo":{"@type":"ImageObject","inLanguage":"de","@id":"https:\/\/docs4opendebate.be\/de\/#\/schema\/logo\/image\/","url":"https:\/\/docs4opendebate.be\/wp-content\/uploads\/2020\/08\/logo.jpg","contentUrl":"https:\/\/docs4opendebate.be\/wp-content\/uploads\/2020\/08\/logo.jpg","width":180,"height":70,"caption":"Docs4opendebate"},"image":{"@id":"https:\/\/docs4opendebate.be\/de\/#\/schema\/logo\/image\/"}}]}},"_links":{"self":[{"href":"https:\/\/docs4opendebate.be\/de\/wp-json\/wp\/v2\/pages\/1316","targetHints":{"allow":["GET"]}}],"collection":[{"href":"https:\/\/docs4opendebate.be\/de\/wp-json\/wp\/v2\/pages"}],"about":[{"href":"https:\/\/docs4opendebate.be\/de\/wp-json\/wp\/v2\/types\/page"}],"author":[{"embeddable":true,"href":"https:\/\/docs4opendebate.be\/de\/wp-json\/wp\/v2\/users\/1"}],"replies":[{"embeddable":true,"href":"https:\/\/docs4opendebate.be\/de\/wp-json\/wp\/v2\/comments?post=1316"}],"version-history":[{"count":0,"href":"https:\/\/docs4opendebate.be\/de\/wp-json\/wp\/v2\/pages\/1316\/revisions"}],"wp:attachment":[{"href":"https:\/\/docs4opendebate.be\/de\/wp-json\/wp\/v2\/media?parent=1316"}],"curies":[{"name":"wp","href":"https:\/\/api.w.org\/{rel}","templated":true}]}}